{"id":608,"date":"2025-03-17T22:05:11","date_gmt":"2025-03-17T22:05:11","guid":{"rendered":"https:\/\/yusufyalniz.com\/?page_id=608"},"modified":"2025-04-01T09:15:20","modified_gmt":"2025-04-01T09:15:20","slug":"ozgecmis","status":"publish","type":"page","link":"https:\/\/yusufyalniz.com\/index.php\/hakkimda\/ozgecmis\/","title":{"rendered":"\u00d6zge\u00e7mi\u015f"},"content":{"rendered":"\n<div class=\"wp-block-media-text alignwide is-stacked-on-mobile\"><figure class=\"wp-block-media-text__media\"><img decoding=\"async\" width=\"400\" height=\"400\" src=\"https:\/\/yusufyalniz.com\/wp-content\/uploads\/2025\/03\/yusufyalniz2-2.png\" alt=\"\" class=\"wp-image-610 size-full\" srcset=\"https:\/\/yusufyalniz.com\/wp-content\/uploads\/2025\/03\/yusufyalniz2-2.png 400w, https:\/\/yusufyalniz.com\/wp-content\/uploads\/2025\/03\/yusufyalniz2-2-300x300.png 300w, https:\/\/yusufyalniz.com\/wp-content\/uploads\/2025\/03\/yusufyalniz2-2-150x150.png 150w\" sizes=\"(max-width: 400px) 100vw, 400px\" \/><\/figure><div class=\"wp-block-media-text__content\">\n<p><strong>Dr. Yusuf YALNIZ<\/strong><\/p>\n\n\n\n<p>Dr.Yusuf YALNIZ kamu y\u00f6netimi ve yerel y\u00f6netimler uzman\u0131, akademisyendir. 1990 Y\u0131l\u0131ndan itibaren Ankara B\u00fcy\u00fck\u015fehir Belediyesinde ba\u015flayan \u00e7al\u0131\u015fma hayat\u0131 boyunca \u00dclkemizin bir \u00e7ok Belediyesinde Dan\u0131\u015fmanl\u0131k ve \u00dcst D\u00fczey g\u00f6revlerde bulunmu\u015ftur. G\u00f6rev yapt\u0131\u011f\u0131 belediyelerde \u00f6zellikle b\u00fct\u00e7e,mali disiplin, finans y\u00f6netimi, Belediye \u015firketleri, Belediyelerde gelir artt\u0131r\u0131c\u0131 y\u00f6ntemler, Belediyelerde bor\u00e7 y\u00f6netimi, yerinden y\u00f6netim ve kat\u0131l\u0131mc\u0131 b\u00fct\u00e7e uygulamalar\u0131yla halk\u0131n kendi ya\u015fam alanlar\u0131na ili\u015fkin al\u0131nan kararlarda s\u00f6z sahibi olmas\u0131n\u0131 sa\u011flam\u0131\u015ft\u0131r. Uzmanl\u0131k alan\u0131 B\u00fcy\u00fck\u015fehir y\u00f6netimi ve hizmet \u00f6l\u00e7e\u011fi, B\u00fcy\u00fck\u015fehir Mali Y\u00f6netimi ve B\u00fct\u00e7eleme s\u00fcreci, 5393 Say\u0131l\u0131 Belediye Kanunu, 2464 Say\u0131l\u0131 Belediye gelirleri Kanunu, Stratejik Y\u00f6netim ve planlama, 5018 Say\u0131l\u0131 Kamu malli Kontrol Kanunu, 4734, 4735 say\u0131l\u0131 Kamu ihale Kanunu, Belediye \u015eirketleri, 2872 say\u0131l\u0131 \u00c7evre Kanunu, Afet Y\u00f6netimi, 3197 say\u0131l\u0131 \u0130mar Kanunu vs konular\u0131nda uzmand\u0131r.&nbsp; Bir\u00e7ok belediye ba\u015fkan aday\u0131n\u0131n se\u00e7im koordinasyonunu ve proje haz\u0131rl\u0131k s\u00fcrecini y\u00f6netmi\u015ftir.&nbsp; Belediyelerde uygulanan \u00e7o\u011fu&nbsp; projenin hayata ge\u00e7mesini sa\u011flam\u0131\u015ft\u0131r.Metropolitan Alan Y\u00f6netimi, G\u00f6\u00e7\u00fcn Kentler \u00dczerindeki Etkisi Ad\u0131nda iki adet bas\u0131lm\u0131\u015f kitab\u0131 ile Yerel Y\u00f6netimler ve Kentle\u015fme \u00fczerine yay\u0131nlanm\u0131\u015f bir\u00e7ok makalesi ve Denemesi bulunmaktad\u0131r.&nbsp; TBB de Akademik Kurul Ba\u015fkanl\u0131\u011f\u0131, Bir d\u00f6nem BUSK\u0130 Strateji geli\u015ftirme Daire Ba\u015fkanl\u0131\u011f\u0131 yapm\u0131\u015f olup halen Bursa B\u00fcy\u00fck\u015fehir Belediyesi Mali Hizmetler Daire Ba\u015fkanl\u0131\u011f\u0131n\u0131 y\u00fcr\u00fctmektedir.<\/p>\n<\/div><\/div>\n\n\n\n<p><strong>Do\u011fum Tarihi :<\/strong>&nbsp;13\/03\/1971<\/p>\n\n\n\n<p><strong>E-Posta Adresi :<\/strong>&nbsp;yusuftuteloglu@hotmail.com<\/p>\n\n\n\n<p><strong>E\u011fitim &amp; \u00d6\u011fretim :<\/strong><\/p>\n\n\n\n<p><strong>Lise :<\/strong>&nbsp;<\/p>\n\n\n\n<p>\u2713&nbsp;&nbsp;Ankara Atat\u00fcrk Lisesi<\/p>\n\n\n\n<p><strong>\u00dcniversite :<\/strong>&nbsp;<\/p>\n\n\n\n<p>\u2713&nbsp;&nbsp;Anadolu \u00dcniversitesi \u0130ktisadi \u0130dari Bilimleri Fak\u00fcltesi, \u0130ktisat B\u00f6l\u00fcm\u00fc Lisans (1995)<br>\u2713&nbsp;&nbsp;Anadolu \u00dcniversitesi,\u0130ktisadi \u0130dari Bilimleri Fak\u00fcltesi, Kamu Y\u00f6netimi B\u00f6l\u00fcm\u00fc (2005)&nbsp;<\/p>\n\n\n\n<p><strong>Lisans\u00fcst\u00fc Tezi:&nbsp;<\/strong><\/p>\n\n\n\n<p><strong>Kazan\u0131lan Yeterlilik :&nbsp;&nbsp;<\/strong>Eyl\u00fcl 2010 \u2013 Haziran 2011 &#8211; Kamu Y\u00f6netimi Uzman\u0131<\/p>\n\n\n\n<p>\u2713&nbsp;&nbsp;<strong>Y\u00fcksek Lisans Tezi:<\/strong>&nbsp;\u201c1973- 1980 CHP\u2019li Belediyelerde Uygulanan Toplumcu&nbsp;Belediyecilik \u00d6rnekleri ve Uygulamalar\u0131\u201d, Ankara 2011<\/p>\n\n\n\n<p><strong>Doktora Tezi:<\/strong><\/p>\n\n\n\n<p><strong>Kazan\u0131lan Yeterlilik :&nbsp;&nbsp;<\/strong>Eyl\u00fcl 2012\u2013 Haziran 2015 &#8211; Y\u00f6netim Bilimleri Doktora<\/p>\n\n\n\n<p>\u2713&nbsp;&nbsp;Doktora Tezi: \u201c6360 Say\u0131l\u0131 B\u00fcy\u00fck \u015eehir Kanunu ve Hizmet \u00d6l\u00e7e\u011fi\u201d, Ankara 2015&nbsp; Sayfa, 283, Ankara<\/p>\n\n\n\n<p><strong>YAZDI\u011eI K\u0130TAPLAR<\/strong><\/p>\n\n\n\n<p>Metropolitan Alan Y\u00f6netimi (Dr. Yusuf YALNIZ &#8211; Bas\u0131m Y\u0131l\u0131&nbsp; 2024)<\/p>\n\n\n\n<p>G\u00f6\u00e7\u00fcn Kentler \u00dczerindeki Etkileri (Dr. Yusuf YALNIZ &#8211; Bas\u0131m Y\u0131l\u0131 2023)<\/p>\n\n\n\n<p>MAKALELER<\/p>\n\n\n\n<p>Metrepol Alanlar\u0131n K\u00fclt\u00fcrel Planlanmas\u0131<\/p>\n\n\n\n<p>Metropolitan Alan Kavram\u0131<\/p>\n\n\n\n<p>Japonya ve Deprem<\/p>\n\n\n\n<p>D\u00fcnya Yerel Y\u00f6netimler Tarihi<\/p>\n\n\n\n<p>Yerel Y\u00f6netimler&nbsp; Tarihi<\/p>\n\n\n\n<p>Yerel Y\u00f6netimlerde Sosyal Medya ve \u0130leti\u015fim Stratejileri<\/p>\n\n\n\n<p>Kentsel Alan Y\u00f6netimi ve Belediye S\u0131n\u0131rlar\u0131<\/p>\n\n\n\n<p>Kent ve K\u0131rsal Alan Y\u00f6netimindeki Farklar<\/p>\n\n\n\n<p>Yerel Y\u00f6netimlerde Stratejik Planlama<\/p>\n\n\n\n<p>T\u00fcrkiye&#8217;de Toplumcu Belediyecilik \u00d6rnekleri<\/p>\n\n\n\n<p>Yerel Y\u00f6netimlerde Kad\u0131n\u0131n Ekonomik ve Sosyal Olarak Ya\u015famaKat\u0131l\u0131m\u0131<\/p>\n\n\n\n<p>Yerel Y\u00f6netimlerde Tar\u0131m Kooparatifleri, Hayvanc\u0131l\u0131k ve Birlikler<\/p>\n\n\n\n<p>Yerel Y\u00f6netimlerde Siyasetin Radikalle\u015fmesi<\/p>\n\n\n\n<p>Yerel Y\u00f6netimlerde Finansal S\u00fcrd\u00fcr\u00fclebilirlik<\/p>\n\n\n\n<p>Yerel Y\u00f6netimlerde Finansman<\/p>\n\n\n\n<p>Yerel Y\u00f6netimlerde B\u00fct\u00e7e<\/p>\n\n\n\n<p>Yerel Y\u00f6netimlerde Kamu Hizmetlerinin Etkin ve Verimli Y\u00fcr\u00fct\u00fclmesi<\/p>\n\n\n\n<p>Yerel Y\u00f6netimlerde Kat\u0131l\u0131mc\u0131 B\u00fct\u00e7e S\u00fcreci<\/p>\n\n\n\n<p>G\u00f6\u00e7lerin Yerel Y\u00f6netimler \u00dczerindeki Etkileri<\/p>\n\n\n\n<p>Yerel Y\u00f6netimlerde \u0130novasyon ve Verimlilik<\/p>\n\n\n\n<p><strong>SEM\u0130NER-KONFERANS&nbsp; VE&nbsp; E\u011e\u0130T\u0130MLER<\/strong><\/p>\n\n\n\n<ul class=\"wp-block-list\">\n<li>\u00a0&#8211; Kamu \u0130hale Mevzuat\u0131 ve Uygulamas\u0131,TODA\u0130E Ankara, \u015eubat 2011<\/li>\n\n\n\n<li>\u00a0&#8211; Program ve Proje \u0130zleme ve De\u011ferlendirme Semineri, TODA\u0130E Ankara,Eyl\u00fcl 2011<\/li>\n\n\n\n<li>\u00a0&#8211; 5018 Say\u0131l\u0131 Kamu Mali Y\u00f6netimi ve Kontrol Kanunu Semineri, TODA\u0130E Ankara,Ocak 2013\u00a0<\/li>\n\n\n\n<li>\u00a0&#8211; B\u00fcy\u00fck\u015fehir Y\u00f6netimi B\u00fct\u00fcnle\u015ftirme S\u00fcreci Semineri , ODT\u00dc Kas\u0131m 2013<\/li>\n\n\n\n<li>\u00a0&#8211; Metropolitan Alan Y\u00f6netimine ili\u015fkin Baz\u0131 Kavramlar ve Kurumsal Yakla\u015f\u0131mlar Semineri ,\u00a0ODT\u00dc Kas\u0131m 2013<\/li>\n\n\n\n<li>\u00a0&#8211; T\u00fcrkiye de Toplumcu Belediyecili\u011finin Evrimi Semineri ,TODA\u0130E Ankara Haziran 2014<\/li>\n\n\n\n<li>\u00a0&#8211; Yerel D\u00fczeyde Siyasetin Radikalle\u015fmesi Semineri , TODA\u0130E Ankara Eyl\u00fcl 2014<\/li>\n\n\n\n<li>\u00a0&#8211; Kentsel Alan\u0131n D\u00fczenlenmesi ve Belediye S\u0131n\u0131rlar\u0131 Semineri, TODA\u0130E Ankara Ocak 2015\u00a0<\/li>\n\n\n\n<li>\u00a0&#8211; Y\u00f6netimde Liderlik ve Motivasyon Semineri,TODA\u0130E Ankara , Mart 2014<\/li>\n\n\n\n<li>\u00a0&#8211; Kamu \u0130hale Kanunu, Hatay B\u00fcy\u00fck\u015fehir Belediye Ba\u015fkanl\u0131\u011f\u0131, 2014-2018<\/li>\n\n\n\n<li>\u00a0&#8211; Belediye Mevzuat\u0131, Hatay B\u00fcy\u00fck\u015fehir Belediye Ba\u015fkanl\u0131\u011f\u0131, 2014-2018<\/li>\n\n\n\n<li>\u00a0&#8211; Personel Mevzuat\u0131, Hatay B\u00fcy\u00fck\u015fehir Belediye Ba\u015fkanl\u0131\u011f\u0131, 2014-2018<\/li>\n<\/ul>\n\n\n\n<p><strong>Yabanc\u0131 Dil &amp; Bilgisayar Bilgisi:&nbsp;<\/strong><\/p>\n\n\n\n<ul class=\"wp-block-list\">\n<li>\u00a0&#8211; Almanca , Alman K\u00fclt\u00fcr Merkezi 8 Kur<\/li>\n\n\n\n<li>\u00a0&#8211; Bilgisayar Office Programlar\u0131 (\u0130leri D\u00fczey)<\/li>\n<\/ul>\n\n\n\n<div class=\"wp-block-columns alignfull is-layout-flex wp-container-core-columns-is-layout-9d6595d7 wp-block-columns-is-layout-flex\">\n<div class=\"wp-block-column is-layout-flow wp-block-column-is-layout-flow\" style=\"flex-basis:100%\">\n<div class=\"wp-block-columns is-layout-flex wp-container-core-columns-is-layout-9d6595d7 wp-block-columns-is-layout-flex\">\n<div class=\"wp-block-column is-layout-flow wp-block-column-is-layout-flow\" style=\"flex-basis:100%\">\n<div class=\"wp-block-group has-black-background-color has-background is-vertical is-layout-flex wp-container-core-group-is-layout-8cf370e7 wp-block-group-is-layout-flex\">\n<div style=\"height:0px\" aria-hidden=\"true\" class=\"wp-block-spacer wp-container-content-541a6b20\"><\/div>\n\n\n\n<div class=\"wp-block-columns has-small-font-size is-layout-flex wp-container-core-columns-is-layout-9d6595d7 wp-block-columns-is-layout-flex\">\n<div class=\"wp-block-column is-vertically-aligned-top is-layout-flow wp-block-column-is-layout-flow\"><\/div>\n\n\n\n<div class=\"wp-block-column is-vertically-aligned-top is-layout-flow wp-block-column-is-layout-flow\">\n<figure class=\"wp-block-image size-full\"><img decoding=\"async\" width=\"300\" height=\"51\" src=\"https:\/\/yusufyalniz.com\/wp-content\/uploads\/2025\/02\/dryusufyalnizlogo-1.png\" alt=\"\" class=\"wp-image-43\"\/><\/figure>\n\n\n\n<p class=\"has-text-align-left has-white-color has-text-color has-link-color wp-elements-2784800cbe579458180a48d50255a007\">\ud83d\udcde <strong>&nbsp;Telefon :&nbsp;<\/strong>0535 394 09 34<\/p>\n\n\n\n<p class=\"has-text-align-left has-white-color has-text-color has-link-color wp-elements-bacdadb4c4d9ff1fe84148ef6b654f46\">\u2709\ufe0f<strong>&nbsp;E-posta :&nbsp;<\/strong>bilgi@yusufyalniz.com.tr<\/p>\n<\/div>\n\n\n\n<div class=\"wp-block-column is-vertically-aligned-stretch is-layout-flow wp-block-column-is-layout-flow\">\n<p class=\"has-text-align-left has-white-color has-text-color has-link-color wp-elements-127e740fd4c59b1b6e84267ffe2cf31d\" style=\"font-size:23px;font-style:normal;font-weight:600\">Men\u00fc<\/p>\n\n\n<nav class=\"has-text-color has-white-color has-small-font-size items-justified-left is-vertical no-wrap wp-block-navigation is-content-justification-left is-nowrap is-layout-flex wp-container-core-navigation-is-layout-13b8677b wp-block-navigation-is-layout-flex\" aria-label=\"Navigation\"><ul class=\"wp-block-navigation__container has-text-color has-white-color has-small-font-size items-justified-left is-vertical no-wrap wp-block-navigation has-small-font-size\"><li class=\"has-small-font-size wp-block-navigation-item wp-block-navigation-link\"><a class=\"wp-block-navigation-item__content\"  href=\"https:\/\/yusufyalniz.com\/\"><span class=\"wp-block-navigation-item__label\">Home<\/span><\/a><\/li><li class=\"has-small-font-size wp-block-navigation-item wp-block-navigation-link\"><a class=\"wp-block-navigation-item__content\"  href=\"https:\/\/yusufyalniz.com\/index.php\/iletisim\/\"><span class=\"wp-block-navigation-item__label\">\u0130leti\u015fim<\/span><\/a><\/li><li class=\"has-small-font-size wp-block-navigation-item wp-block-navigation-link\"><a class=\"wp-block-navigation-item__content\"  href=\"https:\/\/yusufyalniz.com\/index.php\/yazilar\/\"><span class=\"wp-block-navigation-item__label\">Yaz\u0131lar<\/span><\/a><\/li><\/ul><\/nav><\/div>\n\n\n\n<div class=\"wp-block-column is-vertically-aligned-top is-layout-flow wp-block-column-is-layout-flow\">\n<h2 class=\"wp-block-heading has-text-align-left has-white-color has-text-color has-link-color wp-elements-4ab01bfdf99d056f484eec7da26f448c\" style=\"font-style:normal;font-weight:600\">Son Yaz\u0131lar<\/h2>\n\n\n<ul class=\"wp-block-latest-posts__list has-link-color aligncenter wp-elements-0fb3c98e0db7561338fce9bc97de5d75 wp-block-latest-posts has-text-color has-white-color has-small-font-size\"><li><a class=\"wp-block-latest-posts__post-title\" href=\"https:\/\/yusufyalniz.com\/index.php\/2025\/04\/27\/afetlere-hazirlik-icin-finansal-kaynaklar-ve-finansman\/\">Afetlere Haz\u0131rl\u0131k \u0130\u00e7in Finansal Kaynaklar ve Finansman<\/a><\/li>\n<li><a class=\"wp-block-latest-posts__post-title\" href=\"https:\/\/yusufyalniz.com\/index.php\/2025\/03\/23\/yenilenebilir-enerji-ve-surdurulebilirlik-projeleri\/\">Yenilenebilir Enerji ve S\u00fcrd\u00fcr\u00fclebilirlik Projeleri<\/a><\/li>\n<li><a class=\"wp-block-latest-posts__post-title\" href=\"https:\/\/yusufyalniz.com\/index.php\/2025\/03\/23\/uluslararasi-genclik-degisim-programi\/\">Uluslararas\u0131 Gen\u00e7lik De\u011fi\u015fim Program\u0131<\/a><\/li>\n<\/ul><\/div>\n\n\n\n<div class=\"wp-block-column is-vertically-aligned-top is-layout-flow wp-block-column-is-layout-flow\">\n<h2 class=\"wp-block-heading has-text-align-center has-white-color has-text-color has-link-color wp-elements-41d36ae4040a1ec2ce3cb83ca5062b79\" style=\"font-style:normal;font-weight:600\">Projelerim<\/h2>\n\n\n\n<div class=\"wp-block-media-text is-stacked-on-mobile\" style=\"grid-template-columns:38% auto\"><figure class=\"wp-block-media-text__media\"><a href=\"https:\/\/yusufyalniz.com\/index.php\/2025\/03\/23\/yenilenebilir-enerji-ve-surdurulebilirlik-projeleri\/\"><img decoding=\"async\" width=\"800\" height=\"450\" src=\"https:\/\/yusufyalniz.com\/wp-content\/uploads\/2025\/03\/yenilenebilir-enerji-ve-surdurulebilirlik.jpg\" alt=\"\" class=\"wp-image-285 size-full\" srcset=\"https:\/\/yusufyalniz.com\/wp-content\/uploads\/2025\/03\/yenilenebilir-enerji-ve-surdurulebilirlik.jpg 800w, https:\/\/yusufyalniz.com\/wp-content\/uploads\/2025\/03\/yenilenebilir-enerji-ve-surdurulebilirlik-300x169.jpg 300w, https:\/\/yusufyalniz.com\/wp-content\/uploads\/2025\/03\/yenilenebilir-enerji-ve-surdurulebilirlik-768x432.jpg 768w\" sizes=\"(max-width: 800px) 100vw, 800px\" \/><\/a><\/figure><div class=\"wp-block-media-text__content\">\n<p class=\"has-white-color has-text-color has-link-color has-small-font-size wp-elements-f10177b410df1f56e25f68134839a84d\">Yenilenebilir Enerji ve S\u00fcrd\u00fcr\u00fclebilirlik Projeleri<\/p>\n<\/div><\/div>\n\n\n\n<div class=\"wp-block-media-text is-stacked-on-mobile\" style=\"grid-template-columns:38% auto\"><figure class=\"wp-block-media-text__media\"><a href=\"https:\/\/yusufyalniz.com\/index.php\/2025\/03\/23\/akilli-kentler-projesi\/\"><img decoding=\"async\" width=\"800\" height=\"450\" src=\"https:\/\/yusufyalniz.com\/wp-content\/uploads\/2025\/03\/akilli-kentler.jpg\" alt=\"\" class=\"wp-image-289 size-full\" srcset=\"https:\/\/yusufyalniz.com\/wp-content\/uploads\/2025\/03\/akilli-kentler.jpg 800w, https:\/\/yusufyalniz.com\/wp-content\/uploads\/2025\/03\/akilli-kentler-300x169.jpg 300w, https:\/\/yusufyalniz.com\/wp-content\/uploads\/2025\/03\/akilli-kentler-768x432.jpg 768w\" sizes=\"(max-width: 800px) 100vw, 800px\" \/><\/a><\/figure><div class=\"wp-block-media-text__content\">\n<p class=\"has-white-color has-text-color has-link-color has-small-font-size wp-elements-f5143fcaff3de58cb5da9cbcc5833410\">Ak\u0131ll\u0131 Kentler Projesi<\/p>\n<\/div><\/div>\n\n\n\n<div class=\"wp-block-media-text is-stacked-on-mobile\" style=\"grid-template-columns:38% auto\"><figure class=\"wp-block-media-text__media\"><a href=\"https:\/\/yusufyalniz.com\/index.php\/2025\/03\/23\/hatayin-cicekleri-ciftcinin-ekmegi\/\"><img decoding=\"async\" width=\"800\" height=\"450\" src=\"https:\/\/yusufyalniz.com\/wp-content\/uploads\/2025\/03\/hatayin-cicekleri1.jpg\" alt=\"\" class=\"wp-image-290 size-full\" srcset=\"https:\/\/yusufyalniz.com\/wp-content\/uploads\/2025\/03\/hatayin-cicekleri1.jpg 800w, https:\/\/yusufyalniz.com\/wp-content\/uploads\/2025\/03\/hatayin-cicekleri1-300x169.jpg 300w, https:\/\/yusufyalniz.com\/wp-content\/uploads\/2025\/03\/hatayin-cicekleri1-768x432.jpg 768w\" sizes=\"(max-width: 800px) 100vw, 800px\" \/><\/a><\/figure><div class=\"wp-block-media-text__content\">\n<p class=\"has-white-color has-text-color has-link-color has-small-font-size wp-elements-89c810283f016a891edb39a9dc98e368\">Hatay\u0131n \u00c7i\u00e7ekleri \u00c7ift\u00e7inin Ekme\u011fi<\/p>\n<\/div><\/div>\n<\/div>\n\n\n\n<div class=\"wp-block-column is-vertically-aligned-top is-layout-flow wp-block-column-is-layout-flow\"><\/div>\n<\/div>\n\n\n\n<div class=\"wp-block-group alignwide is-content-justification-center is-layout-flex wp-container-core-group-is-layout-5590e8cb wp-block-group-is-layout-flex\">\n<p class=\"has-text-align-center has-small-font-size\">Copyright \u00a9 2025 | Dr. Yusuf Yaln\u0131z | T\u00fcm Haklar\u0131 Sakl\u0131d\u0131r.<\/p>\n<\/div>\n\n\n\n<div style=\"height:0px\" aria-hidden=\"true\" class=\"wp-block-spacer wp-container-content-541a6b20\"><\/div>\n<\/div>\n<\/div>\n<\/div>\n<\/div>\n<\/div>\n","protected":false},"excerpt":{"rendered":"<p>Dr. Yusuf YALNIZ Dr.Yusuf YALNIZ kamu y\u00f6netimi ve yerel y\u00f6netimler uzman\u0131, akademisyendir. 1990 Y\u0131l\u0131ndan itibaren Ankara B\u00fcy\u00fck\u015fehir Belediyesinde ba\u015flayan \u00e7al\u0131\u015fma hayat\u0131 boyunca \u00dclkemizin bir \u00e7ok&hellip;<\/p>\n","protected":false},"author":1,"featured_media":0,"parent":584,"menu_order":0,"comment_status":"closed","ping_status":"closed","template":"","meta":{"slim_seo":{"title":"Yusuf Yaln\u0131z","description":"Dr. Yusuf Yaln\u0131z'\u0131n \u00f6zge\u00e7mi\u015fi"},"footnotes":""},"class_list":["post-608","page","type-page","status-publish","hentry"],"featured_image_url":[],"post_author":"admin","assigned_categories":"","yoast_head":"<!-- This site is optimized with the Yoast SEO plugin v24.7 - https:\/\/yoast.com\/wordpress\/plugins\/seo\/ -->\n<title>\u00d6zge\u00e7mi\u015f - Dr. Yusuf Yaln\u0131z<\/title>\n<meta name=\"description\" content=\"\u00d6zge\u00e7mi\u015f Dr. Yusuf Yaln\u0131z - Yusuf yaln\u0131zDr Yusuf yaln\u0131zYerel y\u00f6netim Belediye Yerel y\u00f6netimler mali disiplin Yerel y\u00f6netimler b\u00fct\u00e7e Mali hizmetler Mali disiplin Yusuf yanl\u0131z Bursa Kat\u0131l\u0131mc\u0131 b\u00fct\u00e7eYerel y\u00f6netimlerde s\u00fcrd\u00fcr\u00fclebilirlikBuski Strateji geli\u015ftirme B\u00fcy\u00fck \u015fehir BelediyeBor\u00e7 y\u00f6netimi Yerel y\u00f6netimlerde\u00a0finans\" \/>\n<meta name=\"robots\" content=\"index, follow, max-snippet:-1, max-image-preview:large, max-video-preview:-1\" \/>\n<link rel=\"canonical\" href=\"https:\/\/yusufyalniz.com\/index.php\/hakkimda\/ozgecmis\/\" \/>\n<meta property=\"og:locale\" content=\"tr_TR\" \/>\n<meta property=\"og:type\" content=\"article\" \/>\n<meta property=\"og:title\" content=\"\u00d6zge\u00e7mi\u015f - Dr. Yusuf Yaln\u0131z\" \/>\n<meta property=\"og:description\" content=\"\u00d6zge\u00e7mi\u015f Dr. Yusuf Yaln\u0131z - Yusuf yaln\u0131zDr Yusuf yaln\u0131zYerel y\u00f6netim Belediye Yerel y\u00f6netimler mali disiplin Yerel y\u00f6netimler b\u00fct\u00e7e Mali hizmetler Mali disiplin Yusuf yanl\u0131z Bursa Kat\u0131l\u0131mc\u0131 b\u00fct\u00e7eYerel y\u00f6netimlerde s\u00fcrd\u00fcr\u00fclebilirlikBuski Strateji geli\u015ftirme B\u00fcy\u00fck \u015fehir BelediyeBor\u00e7 y\u00f6netimi Yerel y\u00f6netimlerde\u00a0finans\" \/>\n<meta property=\"og:url\" content=\"https:\/\/yusufyalniz.com\/index.php\/hakkimda\/ozgecmis\/\" \/>\n<meta property=\"og:site_name\" content=\"Dr. Yusuf Yaln\u0131z\" \/>\n<meta property=\"article:modified_time\" content=\"2025-04-01T09:15:20+00:00\" \/>\n<meta property=\"og:image\" content=\"https:\/\/yusufyalniz.com\/wp-content\/uploads\/2025\/03\/yusufyalniz2-2.png\" \/>\n\t<meta property=\"og:image:width\" content=\"400\" \/>\n\t<meta property=\"og:image:height\" content=\"400\" \/>\n\t<meta property=\"og:image:type\" content=\"image\/png\" \/>\n<meta name=\"twitter:card\" content=\"summary_large_image\" \/>\n<meta name=\"twitter:label1\" content=\"Tahmini okuma s\u00fcresi\" \/>\n\t<meta name=\"twitter:data1\" content=\"7 dakika\" \/>\n<script type=\"application\/ld+json\" class=\"yoast-schema-graph\">{\"@context\":\"https:\/\/schema.org\",\"@graph\":[{\"@type\":\"WebPage\",\"@id\":\"https:\/\/yusufyalniz.com\/index.php\/hakkimda\/ozgecmis\/\",\"url\":\"https:\/\/yusufyalniz.com\/index.php\/hakkimda\/ozgecmis\/\",\"name\":\"\u00d6zge\u00e7mi\u015f - Dr. Yusuf Yaln\u0131z\",\"isPartOf\":{\"@id\":\"https:\/\/yusufyalniz.com\/#website\"},\"primaryImageOfPage\":{\"@id\":\"https:\/\/yusufyalniz.com\/index.php\/hakkimda\/ozgecmis\/#primaryimage\"},\"image\":{\"@id\":\"https:\/\/yusufyalniz.com\/index.php\/hakkimda\/ozgecmis\/#primaryimage\"},\"thumbnailUrl\":\"https:\/\/yusufyalniz.com\/wp-content\/uploads\/2025\/03\/yusufyalniz2-2.png\",\"datePublished\":\"2025-03-17T22:05:11+00:00\",\"dateModified\":\"2025-04-01T09:15:20+00:00\",\"description\":\"\u00d6zge\u00e7mi\u015f Dr. Yusuf Yaln\u0131z - Yusuf yaln\u0131zDr Yusuf yaln\u0131zYerel y\u00f6netim Belediye Yerel y\u00f6netimler mali disiplin Yerel y\u00f6netimler b\u00fct\u00e7e Mali hizmetler Mali disiplin Yusuf yanl\u0131z Bursa Kat\u0131l\u0131mc\u0131 b\u00fct\u00e7eYerel y\u00f6netimlerde s\u00fcrd\u00fcr\u00fclebilirlikBuski Strateji geli\u015ftirme B\u00fcy\u00fck \u015fehir BelediyeBor\u00e7 y\u00f6netimi Yerel y\u00f6netimlerde\u00a0finans\",\"breadcrumb\":{\"@id\":\"https:\/\/yusufyalniz.com\/index.php\/hakkimda\/ozgecmis\/#breadcrumb\"},\"inLanguage\":\"tr\",\"potentialAction\":[{\"@type\":\"ReadAction\",\"target\":[\"https:\/\/yusufyalniz.com\/index.php\/hakkimda\/ozgecmis\/\"]}]},{\"@type\":\"ImageObject\",\"inLanguage\":\"tr\",\"@id\":\"https:\/\/yusufyalniz.com\/index.php\/hakkimda\/ozgecmis\/#primaryimage\",\"url\":\"https:\/\/yusufyalniz.com\/wp-content\/uploads\/2025\/03\/yusufyalniz2-2.png\",\"contentUrl\":\"https:\/\/yusufyalniz.com\/wp-content\/uploads\/2025\/03\/yusufyalniz2-2.png\",\"width\":400,\"height\":400},{\"@type\":\"BreadcrumbList\",\"@id\":\"https:\/\/yusufyalniz.com\/index.php\/hakkimda\/ozgecmis\/#breadcrumb\",\"itemListElement\":[{\"@type\":\"ListItem\",\"position\":1,\"name\":\"Anasayfa\",\"item\":\"https:\/\/yusufyalniz.com\/\"},{\"@type\":\"ListItem\",\"position\":2,\"name\":\"Hakk\u0131mda\",\"item\":\"https:\/\/yusufyalniz.com\/index.php\/hakkimda\/\"},{\"@type\":\"ListItem\",\"position\":3,\"name\":\"\u00d6zge\u00e7mi\u015f\"}]},{\"@type\":\"WebSite\",\"@id\":\"https:\/\/yusufyalniz.com\/#website\",\"url\":\"https:\/\/yusufyalniz.com\/\",\"name\":\"Dr. Yusuf Yaln\u0131z\",\"description\":\"Yerel Y\u00f6netim Uzman\u0131\",\"publisher\":{\"@id\":\"https:\/\/yusufyalniz.com\/#\/schema\/person\/40cef4e5edcfd7bd607d695c4776b35c\"},\"alternateName\":\"Yusuf Yaln\u0131z\",\"potentialAction\":[{\"@type\":\"SearchAction\",\"target\":{\"@type\":\"EntryPoint\",\"urlTemplate\":\"https:\/\/yusufyalniz.com\/?s={search_term_string}\"},\"query-input\":{\"@type\":\"PropertyValueSpecification\",\"valueRequired\":true,\"valueName\":\"search_term_string\"}}],\"inLanguage\":\"tr\"},{\"@type\":[\"Person\",\"Organization\"],\"@id\":\"https:\/\/yusufyalniz.com\/#\/schema\/person\/40cef4e5edcfd7bd607d695c4776b35c\",\"name\":\"admin\",\"image\":{\"@type\":\"ImageObject\",\"inLanguage\":\"tr\",\"@id\":\"https:\/\/yusufyalniz.com\/#\/schema\/person\/image\/\",\"url\":\"https:\/\/yusufyalniz.com\/wp-content\/uploads\/2025\/02\/dryusufyalnizlogo-1.png\",\"contentUrl\":\"https:\/\/yusufyalniz.com\/wp-content\/uploads\/2025\/02\/dryusufyalnizlogo-1.png\",\"width\":300,\"height\":51,\"caption\":\"admin\"},\"logo\":{\"@id\":\"https:\/\/yusufyalniz.com\/#\/schema\/person\/image\/\"},\"sameAs\":[\"https:\/\/yusufyalniz.com\"]}]}<\/script>\n<!-- \/ Yoast SEO plugin. -->","yoast_head_json":{"title":"\u00d6zge\u00e7mi\u015f - Dr. Yusuf Yaln\u0131z","description":"\u00d6zge\u00e7mi\u015f Dr. Yusuf Yaln\u0131z - Yusuf yaln\u0131zDr Yusuf yaln\u0131zYerel y\u00f6netim Belediye Yerel y\u00f6netimler mali disiplin Yerel y\u00f6netimler b\u00fct\u00e7e Mali hizmetler Mali disiplin Yusuf yanl\u0131z Bursa Kat\u0131l\u0131mc\u0131 b\u00fct\u00e7eYerel y\u00f6netimlerde s\u00fcrd\u00fcr\u00fclebilirlikBuski Strateji geli\u015ftirme B\u00fcy\u00fck \u015fehir BelediyeBor\u00e7 y\u00f6netimi Yerel y\u00f6netimlerde\u00a0finans","robots":{"index":"index","follow":"follow","max-snippet":"max-snippet:-1","max-image-preview":"max-image-preview:large","max-video-preview":"max-video-preview:-1"},"canonical":"https:\/\/yusufyalniz.com\/index.php\/hakkimda\/ozgecmis\/","og_locale":"tr_TR","og_type":"article","og_title":"\u00d6zge\u00e7mi\u015f - Dr. Yusuf Yaln\u0131z","og_description":"\u00d6zge\u00e7mi\u015f Dr. Yusuf Yaln\u0131z - Yusuf yaln\u0131zDr Yusuf yaln\u0131zYerel y\u00f6netim Belediye Yerel y\u00f6netimler mali disiplin Yerel y\u00f6netimler b\u00fct\u00e7e Mali hizmetler Mali disiplin Yusuf yanl\u0131z Bursa Kat\u0131l\u0131mc\u0131 b\u00fct\u00e7eYerel y\u00f6netimlerde s\u00fcrd\u00fcr\u00fclebilirlikBuski Strateji geli\u015ftirme B\u00fcy\u00fck \u015fehir BelediyeBor\u00e7 y\u00f6netimi Yerel y\u00f6netimlerde\u00a0finans","og_url":"https:\/\/yusufyalniz.com\/index.php\/hakkimda\/ozgecmis\/","og_site_name":"Dr. Yusuf Yaln\u0131z","article_modified_time":"2025-04-01T09:15:20+00:00","og_image":[{"width":400,"height":400,"url":"https:\/\/yusufyalniz.com\/wp-content\/uploads\/2025\/03\/yusufyalniz2-2.png","type":"image\/png"}],"twitter_card":"summary_large_image","twitter_misc":{"Tahmini okuma s\u00fcresi":"7 dakika"},"schema":{"@context":"https:\/\/schema.org","@graph":[{"@type":"WebPage","@id":"https:\/\/yusufyalniz.com\/index.php\/hakkimda\/ozgecmis\/","url":"https:\/\/yusufyalniz.com\/index.php\/hakkimda\/ozgecmis\/","name":"\u00d6zge\u00e7mi\u015f - Dr. Yusuf Yaln\u0131z","isPartOf":{"@id":"https:\/\/yusufyalniz.com\/#website"},"primaryImageOfPage":{"@id":"https:\/\/yusufyalniz.com\/index.php\/hakkimda\/ozgecmis\/#primaryimage"},"image":{"@id":"https:\/\/yusufyalniz.com\/index.php\/hakkimda\/ozgecmis\/#primaryimage"},"thumbnailUrl":"https:\/\/yusufyalniz.com\/wp-content\/uploads\/2025\/03\/yusufyalniz2-2.png","datePublished":"2025-03-17T22:05:11+00:00","dateModified":"2025-04-01T09:15:20+00:00","description":"\u00d6zge\u00e7mi\u015f Dr. Yusuf Yaln\u0131z - Yusuf yaln\u0131zDr Yusuf yaln\u0131zYerel y\u00f6netim Belediye Yerel y\u00f6netimler mali disiplin Yerel y\u00f6netimler b\u00fct\u00e7e Mali hizmetler Mali disiplin Yusuf yanl\u0131z Bursa Kat\u0131l\u0131mc\u0131 b\u00fct\u00e7eYerel y\u00f6netimlerde s\u00fcrd\u00fcr\u00fclebilirlikBuski Strateji geli\u015ftirme B\u00fcy\u00fck \u015fehir BelediyeBor\u00e7 y\u00f6netimi Yerel y\u00f6netimlerde\u00a0finans","breadcrumb":{"@id":"https:\/\/yusufyalniz.com\/index.php\/hakkimda\/ozgecmis\/#breadcrumb"},"inLanguage":"tr","potentialAction":[{"@type":"ReadAction","target":["https:\/\/yusufyalniz.com\/index.php\/hakkimda\/ozgecmis\/"]}]},{"@type":"ImageObject","inLanguage":"tr","@id":"https:\/\/yusufyalniz.com\/index.php\/hakkimda\/ozgecmis\/#primaryimage","url":"https:\/\/yusufyalniz.com\/wp-content\/uploads\/2025\/03\/yusufyalniz2-2.png","contentUrl":"https:\/\/yusufyalniz.com\/wp-content\/uploads\/2025\/03\/yusufyalniz2-2.png","width":400,"height":400},{"@type":"BreadcrumbList","@id":"https:\/\/yusufyalniz.com\/index.php\/hakkimda\/ozgecmis\/#breadcrumb","itemListElement":[{"@type":"ListItem","position":1,"name":"Anasayfa","item":"https:\/\/yusufyalniz.com\/"},{"@type":"ListItem","position":2,"name":"Hakk\u0131mda","item":"https:\/\/yusufyalniz.com\/index.php\/hakkimda\/"},{"@type":"ListItem","position":3,"name":"\u00d6zge\u00e7mi\u015f"}]},{"@type":"WebSite","@id":"https:\/\/yusufyalniz.com\/#website","url":"https:\/\/yusufyalniz.com\/","name":"Dr. Yusuf Yaln\u0131z","description":"Yerel Y\u00f6netim Uzman\u0131","publisher":{"@id":"https:\/\/yusufyalniz.com\/#\/schema\/person\/40cef4e5edcfd7bd607d695c4776b35c"},"alternateName":"Yusuf Yaln\u0131z","potentialAction":[{"@type":"SearchAction","target":{"@type":"EntryPoint","urlTemplate":"https:\/\/yusufyalniz.com\/?s={search_term_string}"},"query-input":{"@type":"PropertyValueSpecification","valueRequired":true,"valueName":"search_term_string"}}],"inLanguage":"tr"},{"@type":["Person","Organization"],"@id":"https:\/\/yusufyalniz.com\/#\/schema\/person\/40cef4e5edcfd7bd607d695c4776b35c","name":"admin","image":{"@type":"ImageObject","inLanguage":"tr","@id":"https:\/\/yusufyalniz.com\/#\/schema\/person\/image\/","url":"https:\/\/yusufyalniz.com\/wp-content\/uploads\/2025\/02\/dryusufyalnizlogo-1.png","contentUrl":"https:\/\/yusufyalniz.com\/wp-content\/uploads\/2025\/02\/dryusufyalnizlogo-1.png","width":300,"height":51,"caption":"admin"},"logo":{"@id":"https:\/\/yusufyalniz.com\/#\/schema\/person\/image\/"},"sameAs":["https:\/\/yusufyalniz.com"]}]}},"_links":{"self":[{"href":"https:\/\/yusufyalniz.com\/index.php\/wp-json\/wp\/v2\/pages\/608","targetHints":{"allow":["GET"]}}],"collection":[{"href":"https:\/\/yusufyalniz.com\/index.php\/wp-json\/wp\/v2\/pages"}],"about":[{"href":"https:\/\/yusufyalniz.com\/index.php\/wp-json\/wp\/v2\/types\/page"}],"author":[{"embeddable":true,"href":"https:\/\/yusufyalniz.com\/index.php\/wp-json\/wp\/v2\/users\/1"}],"replies":[{"embeddable":true,"href":"https:\/\/yusufyalniz.com\/index.php\/wp-json\/wp\/v2\/comments?post=608"}],"version-history":[{"count":6,"href":"https:\/\/yusufyalniz.com\/index.php\/wp-json\/wp\/v2\/pages\/608\/revisions"}],"predecessor-version":[{"id":658,"href":"https:\/\/yusufyalniz.com\/index.php\/wp-json\/wp\/v2\/pages\/608\/revisions\/658"}],"up":[{"embeddable":true,"href":"https:\/\/yusufyalniz.com\/index.php\/wp-json\/wp\/v2\/pages\/584"}],"wp:attachment":[{"href":"https:\/\/yusufyalniz.com\/index.php\/wp-json\/wp\/v2\/media?parent=608"}],"curies":[{"name":"wp","href":"https:\/\/api.w.org\/{rel}","templated":true}]}}