{"id":21,"date":"2025-02-23T12:36:49","date_gmt":"2025-02-23T12:36:49","guid":{"rendered":"https:\/\/yusufyalniz.com\/index.php\/front_page\/"},"modified":"2025-03-30T09:00:47","modified_gmt":"2025-03-30T09:00:47","slug":"homepage","status":"publish","type":"page","link":"https:\/\/yusufyalniz.com\/","title":{"rendered":"Ana Sayfa"},"content":{"rendered":"<div class=\"free alignfull wp-block-csb-content-slider-block\" id='csbContentSlider-1' data-attributes='{&quot;align&quot;:&quot;full&quot;,&quot;slides&quot;:[{&quot;background&quot;:{&quot;color&quot;:&quot;#00000080&quot;,&quot;type&quot;:&quot;image&quot;,&quot;image&quot;:{&quot;id&quot;:119,&quot;url&quot;:&quot;https:\\\/\\\/yusufyalniz.com\\\/wp-content\\\/uploads\\\/2025\\\/02\\\/yyslayt01_1-1.webp&quot;,&quot;alt&quot;:&quot;&quot;,&quot;title&quot;:&quot;yyslayt01_1&quot;,&quot;caption&quot;:&quot;&quot;},&quot;size&quot;:&quot;cover&quot;,&quot;attachment&quot;:&quot;fixed&quot;},&quot;border&quot;:[],&quot;position&quot;:&quot;center center&quot;,&quot;childPositions&quot;:[{&quot;top&quot;:39.66666666666667,&quot;right&quot;:40.573986308583464,&quot;bottom&quot;:45.333333333333336,&quot;left&quot;:40.573986308583464},{&quot;top&quot;:48.333333333333336,&quot;right&quot;:41.78515007898894,&quot;bottom&quot;:51.666666666666664,&quot;left&quot;:41.78515007898894},{&quot;top&quot;:54.666666666666664,&quot;right&quot;:47.02474986835176,&quot;bottom&quot;:62.33333333333333,&quot;left&quot;:47.02474986835176}],&quot;title&quot;:&quot; Yerel Y\\u00f6netimler Hizmet \\u00dcretirken &quot;,&quot;titleColor&quot;:&quot;#fff&quot;,&quot;description&quot;:&quot;Sadece Bug\\u00fcn\\u00fc De\\u011fil, Yar\\u0131n\\u0131 da D\\u00fc\\u015f\\u00fcnmelidir!&quot;,&quot;descColor&quot;:&quot;#fff&quot;,&quot;btnText&quot;:&quot;\\u0130ncele&quot;,&quot;btnLink&quot;:&quot;https:\\\/\\\/yusufyalniz.com\\\/index.php\\\/hakkimda\\\/yazilar\\\/&quot;,&quot;btnColors&quot;:{&quot;color&quot;:&quot;#fff&quot;,&quot;bg&quot;:&quot;#4527a4&quot;},&quot;btnHovColors&quot;:{&quot;color&quot;:&quot;#fff&quot;,&quot;bg&quot;:&quot;#8344c5&quot;}},{&quot;background&quot;:{&quot;color&quot;:&quot;#00000080&quot;,&quot;type&quot;:&quot;image&quot;,&quot;image&quot;:{&quot;id&quot;:120,&quot;url&quot;:&quot;https:\\\/\\\/yusufyalniz.com\\\/wp-content\\\/uploads\\\/2025\\\/02\\\/yyslayt02.webp&quot;,&quot;alt&quot;:&quot;&quot;,&quot;title&quot;:&quot;yyslayt02&quot;,&quot;caption&quot;:&quot;&quot;},&quot;attachment&quot;:&quot;fixed&quot;,&quot;size&quot;:&quot;cover&quot;},&quot;border&quot;:[],&quot;position&quot;:&quot;center center&quot;,&quot;childPositions&quot;:[{&quot;top&quot;:39.83333333333333,&quot;right&quot;:45.681937862032655,&quot;bottom&quot;:54.50000000000001,&quot;left&quot;:45.681937862032655},{&quot;top&quot;:48.333333333333336,&quot;right&quot;:42.89099526066351,&quot;bottom&quot;:51.666666666666664,&quot;left&quot;:42.89099526066351},{&quot;top&quot;:54.666666666666664,&quot;right&quot;:47.02474986835176,&quot;bottom&quot;:62.33333333333333,&quot;left&quot;:47.02474986835176}],&quot;title&quot;:&quot; Bir Kentin Ruhu&quot;,&quot;titleColor&quot;:&quot;rgba(32, 88, 255, 1)&quot;,&quot;description&quot;:&quot; Yerel Y\\u00f6netimlerin Ba\\u015far\\u0131s\\u0131yla \\u015eekillenir!&quot;,&quot;descColor&quot;:&quot;#0693e3&quot;,&quot;btnText&quot;:&quot;\\u0130ncele&quot;,&quot;btnLink&quot;:&quot;https:\\\/\\\/yusufyalniz.com\\\/index.php\\\/hakkimda\\\/proje\\\/&quot;,&quot;btnColors&quot;:{&quot;color&quot;:&quot;#fff&quot;,&quot;bg&quot;:&quot;#4527a4&quot;},&quot;btnHovColors&quot;:{&quot;color&quot;:&quot;#fff&quot;,&quot;bg&quot;:&quot;#8344c5&quot;}}],&quot;columnGap&quot;:0,&quot;sliderHeight&quot;:&quot;600px&quot;,&quot;speed&quot;:3,&quot;columns&quot;:{&quot;desktop&quot;:1,&quot;tablet&quot;:1,&quot;mobile&quot;:1},&quot;sliderWidth&quot;:&quot;100%&quot;,&quot;sliderAlign&quot;:&quot;center&quot;,&quot;isLoop&quot;:true,&quot;isTouchMove&quot;:true,&quot;isAutoplay&quot;:true,&quot;autoplayOptions&quot;:{&quot;delay&quot;:1.5,&quot;disableOnInteraction&quot;:false,&quot;reverseDirection&quot;:false,&quot;pauseOnMouseEnter&quot;:false,&quot;stopOnLastSlide&quot;:false},&quot;freeModeOptions&quot;:{&quot;enabled&quot;:false,&quot;sticky&quot;:false},&quot;effect&quot;:&quot;slide&quot;,&quot;keyboardOptions&quot;:{&quot;enabled&quot;:false},&quot;isMousewheel&quot;:false,&quot;isPage&quot;:true,&quot;pageOnDevice&quot;:{&quot;tablet&quot;:true,&quot;mobile&quot;:true},&quot;isPageClickable&quot;:true,&quot;isPageDynamic&quot;:true,&quot;isPrevNext&quot;:true,&quot;prevNextOnDevice&quot;:{&quot;tablet&quot;:true,&quot;mobile&quot;:true},&quot;sliderBG&quot;:{&quot;color&quot;:&quot;#0000&quot;},&quot;sliderPadding&quot;:{&quot;vertical&quot;:&quot;0px&quot;,&quot;horizontal&quot;:&quot;0px&quot;},&quot;pageColor&quot;:&quot;#fff&quot;,&quot;pageWidth&quot;:&quot;15px&quot;,&quot;pageHeight&quot;:&quot;15px&quot;,&quot;pageBorder&quot;:{&quot;radius&quot;:&quot;50%&quot;},&quot;prevNextColor&quot;:&quot;#fff&quot;,&quot;isTitle&quot;:true,&quot;titleTypo&quot;:{&quot;fontSize&quot;:{&quot;desktop&quot;:25,&quot;tablet&quot;:22,&quot;mobile&quot;:20}},&quot;isDesc&quot;:true,&quot;descTypo&quot;:{&quot;fontSize&quot;:{&quot;desktop&quot;:15,&quot;tablet&quot;:15,&quot;mobile&quot;:15}},&quot;isBtn&quot;:true,&quot;linkTarget&quot;:&quot;_blank&quot;,&quot;btnTypo&quot;:{&quot;fontSize&quot;:{&quot;desktop&quot;:16,&quot;tablet&quot;:16,&quot;mobile&quot;:16}},&quot;btnPadding&quot;:{&quot;vertical&quot;:&quot;12px&quot;,&quot;horizontal&quot;:&quot;35px&quot;},&quot;btnBorder&quot;:{&quot;radius&quot;:&quot;3px&quot;}}'><\/div>\n\n\n<div class=\"wp-block-columns is-layout-flex wp-container-core-columns-is-layout-9d6595d7 wp-block-columns-is-layout-flex\">\n<div class=\"wp-block-column is-layout-flow wp-block-column-is-layout-flow\"><\/div>\n<\/div>\n\n\n\n<div class=\"wp-block-columns is-layout-flex wp-container-core-columns-is-layout-9d6595d7 wp-block-columns-is-layout-flex\">\n<div class=\"wp-block-column is-layout-flow wp-block-column-is-layout-flow\"><\/div>\n\n\n\n<div class=\"wp-block-column is-layout-flow wp-block-column-is-layout-flow\"><form role=\"search\" method=\"get\" action=\"https:\/\/yusufyalniz.com\/\" class=\"wp-block-search__button-outside wp-block-search__text-button wp-block-search\"    ><label class=\"wp-block-search__label\" for=\"wp-block-search__input-2\" >Ara<\/label><div class=\"wp-block-search__inside-wrapper \"  style=\"width: 100%\"><input class=\"wp-block-search__input\" id=\"wp-block-search__input-2\" placeholder=\"\" value=\"\" type=\"search\" name=\"s\" required \/><button aria-label=\"Ara\" class=\"wp-block-search__button wp-element-button\" type=\"submit\" >Ara<\/button><\/div><\/form><\/div>\n\n\n\n<div class=\"wp-block-column is-layout-flow wp-block-column-is-layout-flow\"><\/div>\n<\/div>\n\n\n\n<div class=\"wp-block-columns is-layout-flex wp-container-core-columns-is-layout-9d6595d7 wp-block-columns-is-layout-flex\">\n<div class=\"wp-block-column is-layout-flow wp-block-column-is-layout-flow\">\n<h2 class=\"wp-block-heading has-text-align-center\">Kentlerimizin Gelece\u011fi \u0130\u00e7in<\/h2>\n<\/div>\n<\/div>\n\n\n\n<h2 class=\"wp-block-heading has-text-align-center\">\u00c7a\u011fda\u015f, Kat\u0131l\u0131mc\u0131, S\u00fcrd\u00fcr\u00fclebilir Yerel Y\u00f6netimler<\/h2>\n\n\n\n<div class=\"wp-block-columns alignfull is-layout-flex wp-container-core-columns-is-layout-9d6595d7 wp-block-columns-is-layout-flex\">\n<div class=\"wp-block-column is-layout-flow wp-block-column-is-layout-flow\" style=\"flex-basis:200px\"><\/div>\n\n\n\n<div class=\"wp-block-column is-layout-flow wp-block-column-is-layout-flow\">\n<div class=\"wp-block-query is-layout-flow wp-block-query-is-layout-flow\"><ul class=\"wp-block-post-template is-layout-flow wp-block-post-template-is-layout-flow\"><li class=\"wp-block-post post-891 post type-post status-publish format-standard hentry category-haberler\">\n\n<div class=\"wp-block-columns alignwide is-layout-flex wp-container-core-columns-is-layout-9d6595d7 wp-block-columns-is-layout-flex\">\n<div class=\"wp-block-column is-vertically-aligned-center is-layout-flow wp-block-column-is-layout-flow\" style=\"flex-basis:66.66%\"><div class=\"wp-block-image is-style-rounded\">\n<figure class=\"aligncenter size-full is-resized\"><img decoding=\"async\" width=\"200\" height=\"200\" src=\"https:\/\/yusufyalniz.com\/wp-content\/uploads\/2025\/03\/gocler.jpg\" alt=\"\" class=\"wp-image-172\" style=\"width:248px;height:auto\" srcset=\"https:\/\/yusufyalniz.com\/wp-content\/uploads\/2025\/03\/gocler.jpg 200w, https:\/\/yusufyalniz.com\/wp-content\/uploads\/2025\/03\/gocler-150x150.jpg 150w\" sizes=\"(max-width: 200px) 100vw, 200px\" \/><\/figure><\/div><\/div>\n\n\n\n<div class=\"wp-block-column is-layout-flow wp-block-column-is-layout-flow\" style=\"flex-basis:70%\">\n<h5 class=\"wp-block-heading has-medium-font-size\">G\u00f6\u00e7lerin Yerel Y\u00f6netimler \u00dczerindeki Etkileri<\/h5>\n\n\n\n<p>G\u00f6\u00e7lerin yerel y\u00f6netimler \u00fczerindeki etkileri incelenirken, \u00f6ncelikle g\u00f6\u00e7\u00fcn nedenleri ve \u00e7e\u015fitleri \u00fczerinde durulmal\u0131d\u0131r. Ekonomik, sosyal, politik ve \u00e7evresel nedenlerden kaynaklanan g\u00f6\u00e7ler farkl\u0131 etkiler yaratmaktad\u0131r. G\u00f6\u00e7lerin nedenleri genellikle \u00fclkeler aras\u0131nda farkl\u0131l\u0131k g\u00f6sterir ve bu fakt\u00f6rlerin yerel y\u00f6netimler \u00fczerindeki etkileri de buna ba\u011fl\u0131 olarak de\u011fi\u015fmektedir.<\/p>\n<\/div>\n<\/div>\n\n<\/li><\/ul><\/div>\n<\/div>\n\n\n\n<div class=\"wp-block-column is-layout-flow wp-block-column-is-layout-flow\">\n<div class=\"wp-block-query is-layout-flow wp-block-query-is-layout-flow\"><ul class=\"wp-block-post-template is-layout-flow wp-block-post-template-is-layout-flow\"><li class=\"wp-block-post post-891 post type-post status-publish format-standard hentry category-haberler\">\n\n<div class=\"wp-block-columns alignwide is-layout-flex wp-container-core-columns-is-layout-9d6595d7 wp-block-columns-is-layout-flex\">\n<div class=\"wp-block-column is-vertically-aligned-center is-layout-flow wp-block-column-is-layout-flow\" style=\"flex-basis:66.66%\"><div class=\"wp-block-image is-style-rounded\">\n<figure class=\"aligncenter size-full is-resized\"><img decoding=\"async\" width=\"200\" height=\"200\" src=\"https:\/\/yusufyalniz.com\/wp-content\/uploads\/2025\/03\/yerel-yonetimlerde-katilimci-butce-sureci_1.png\" alt=\"\" class=\"wp-image-165\" style=\"width:242px;height:auto\" srcset=\"https:\/\/yusufyalniz.com\/wp-content\/uploads\/2025\/03\/yerel-yonetimlerde-katilimci-butce-sureci_1.png 200w, https:\/\/yusufyalniz.com\/wp-content\/uploads\/2025\/03\/yerel-yonetimlerde-katilimci-butce-sureci_1-150x150.png 150w\" sizes=\"(max-width: 200px) 100vw, 200px\" \/><\/figure><\/div><\/div>\n\n\n\n<div class=\"wp-block-column is-layout-flow wp-block-column-is-layout-flow\" style=\"flex-basis:70%\">\n<h5 class=\"wp-block-heading has-medium-font-size\">Yerel Y\u00f6netimlerde Kat\u0131l\u0131mc\u0131 B\u00fct\u00e7e S\u00fcreci<\/h5>\n\n\n\n<p>Yerel y\u00f6netimlerde kat\u0131l\u0131mc\u0131 b\u00fct\u00e7e s\u00fcreci, demokratik bir y\u00f6netim anlay\u0131\u015f\u0131n\u0131n ve \u015feffaf karar alma mekanizmalar\u0131n\u0131n \u00f6nemli bir par\u00e7as\u0131d\u0131r. Bu s\u00fcre\u00e7, yerel halk\u0131n kendi ya\u015fam alanlar\u0131na ili\u015fkin \u00e7\u00f6z\u00fclmesini istedi\u011fi problemlerin, yap\u0131lmas\u0131n\u0131 istedi\u011fi projelerin halk\u0131n kat\u0131l\u0131m\u0131yla yap\u0131lan se\u00e7imler sonucunda karar al\u0131narak hayata ge\u00e7irilme s\u00fcrecidir.<\/p>\n<\/div>\n<\/div>\n\n<\/li><\/ul><\/div>\n<\/div>\n\n\n\n<div class=\"wp-block-column is-layout-flow wp-block-column-is-layout-flow\" style=\"flex-basis:200px\"><\/div>\n<\/div>\n\n\n\n<div class=\"wp-block-columns alignfull is-layout-flex wp-container-core-columns-is-layout-9d6595d7 wp-block-columns-is-layout-flex\">\n<div class=\"wp-block-column is-layout-flow wp-block-column-is-layout-flow\">\n<div class=\"wp-block-media-text is-stacked-on-mobile has-background\" style=\"background:radial-gradient(rgb(255,255,255) 3%,rgb(236,236,236) 100%)\"><figure class=\"wp-block-media-text__media\"><img decoding=\"async\" width=\"1024\" height=\"683\" src=\"https:\/\/yusufyalniz.com\/wp-content\/uploads\/2025\/03\/ozelalan-1024x683.jpg\" alt=\"\" class=\"wp-image-201 size-full\" srcset=\"https:\/\/yusufyalniz.com\/wp-content\/uploads\/2025\/03\/ozelalan-1024x683.jpg 1024w, https:\/\/yusufyalniz.com\/wp-content\/uploads\/2025\/03\/ozelalan-300x200.jpg 300w, https:\/\/yusufyalniz.com\/wp-content\/uploads\/2025\/03\/ozelalan-768x512.jpg 768w, https:\/\/yusufyalniz.com\/wp-content\/uploads\/2025\/03\/ozelalan.jpg 1200w\" sizes=\"(max-width: 1024px) 100vw, 1024px\" \/><\/figure><div class=\"wp-block-media-text__content\">\n<p class=\"has-medium-font-size\">Gelece\u011fi \u015eekillendiren \u00c7\u00f6z\u00fcmler<\/p>\n\n\n\n<p class=\"has-large-font-size\">S\u00fcrd\u00fcr\u00fclebilir Kent Y\u00f6netimi<\/p>\n\n\n\n<ul class=\"wp-block-list\">\n<li>Kent Y\u00f6netimlerinde Farkl\u0131l\u0131klar\u0131 Kucaklayarak, E\u015fitlik ve Adaleti \u0130n\u015fa Etmek \u0130\u00e7in Var\u0131z.<\/li>\n\n\n\n<li>Dayan\u0131kl\u0131 Kentler \u0130\u00e7in, Kentsel D\u00f6n\u00fc\u015f\u00fcm ve S\u00fcrd\u00fcr\u00fclebilirlik \u00dczerine Odaklan\u0131yoruz.<\/li>\n\n\n\n<li>Kentimizi Birlikte Y\u00f6netiyoruz: Kat\u0131l\u0131mc\u0131 Yerel Y\u00f6netimlerle Halkla Birlikte Y\u00f6netiyoruz.<\/li>\n\n\n\n<li>Kentimizi Bug\u00fcnler \u0130\u00e7in De\u011fil, Yar\u0131nlar \u0130\u00e7in Planl\u0131yoruz: Yerel Y\u00f6netimlerle Gelece\u011fi Birlikte \u0130n\u015fa Ediyoruz.<\/li>\n\n\n\n<li>Do\u011fru Kentsel Planlama ile Dayan\u0131kl\u0131 Kentler \u0130n\u015fa Ediyor, Kentlerimizi Gelece\u011fe Haz\u0131rl\u0131yoruz.<\/li>\n\n\n\n<li>Yerel Y\u00f6netimlerde G\u00fcvenli Kentler \u0130\u00e7in, Afet Y\u00f6netiminde \u0130\u015fbirli\u011fi, Koordinasyon ve E\u011fitimlerle Haz\u0131r\u0131z.<\/li>\n<\/ul>\n<\/div><\/div>\n<\/div>\n<\/div>\n\n\n\n<div class=\"wp-block-columns alignfull is-layout-flex wp-container-core-columns-is-layout-9d6595d7 wp-block-columns-is-layout-flex\">\n<div class=\"wp-block-column is-layout-flow wp-block-column-is-layout-flow\">\n<div class=\"wp-block-media-text has-media-on-the-right is-stacked-on-mobile\" style=\"grid-template-columns:auto 49%\"><div class=\"wp-block-media-text__content\">\n<h2 class=\"wp-block-heading has-vivid-cyan-blue-color has-text-color has-link-color wp-elements-868a2d16da1412adcf5dd0dbe5235076\" style=\"font-style:normal;font-weight:600\">Yerel Y\u00f6netimlerde \u0130novasyon ve Verimlilik<\/h2>\n\n\n\n<p class=\"has-black-color has-text-color has-link-color wp-elements-2506c831a29c4cac6e1f13f34c150b7b\" style=\"font-style:normal;font-weight:600\">Profesyonel Stratejiler ve \u00c7\u00f6z\u00fcmler<\/p>\n\n\n\n<p>Yerel y\u00f6netimlerin inovasyon, verimlilik ve stratejik yakla\u015f\u0131mlara \u00f6nem vererek, daha etkin ve kaliteli hizmetler sunmalar\u0131 ve toplumun ihtiya\u00e7lar\u0131na daha iyi cevap vermeleri m\u00fcmk\u00fcnd\u00fcr. Bu nedenle, yerel y\u00f6netimlerin profesyonel bir \u015fekilde bu konulara odaklanmalar\u0131 ve s\u00fcrekli olarak kendilerini geli\u015ftirmeleri gerekmektedir. Bu sayede, toplumun refah\u0131 ve geli\u015fimi i\u00e7in daha iyi bir gelecek in\u015fa edilebilir.<\/p>\n\n\n\n<div class=\"wp-block-buttons is-layout-flex wp-block-buttons-is-layout-flex\">\n<div class=\"wp-block-button\"><a class=\"wp-block-button__link has-vivid-cyan-blue-background-color has-background wp-element-button\" href=\"https:\/\/yusufyalniz.com\/index.php\/2025\/03\/16\/yerel-yonetimlerde-inovasyon-ve-verimlilik\/\">Devam\u0131n\u0131 Oku<\/a><\/div>\n<\/div>\n<\/div><figure class=\"wp-block-media-text__media\"><img decoding=\"async\" width=\"1024\" height=\"576\" src=\"https:\/\/yusufyalniz.com\/wp-content\/uploads\/2025\/03\/yerel-yonetimlerde-inovasyon2-1024x576.jpg\" alt=\"\" class=\"wp-image-207 size-full\" srcset=\"https:\/\/yusufyalniz.com\/wp-content\/uploads\/2025\/03\/yerel-yonetimlerde-inovasyon2-1024x576.jpg 1024w, https:\/\/yusufyalniz.com\/wp-content\/uploads\/2025\/03\/yerel-yonetimlerde-inovasyon2-300x169.jpg 300w, https:\/\/yusufyalniz.com\/wp-content\/uploads\/2025\/03\/yerel-yonetimlerde-inovasyon2-768x432.jpg 768w, https:\/\/yusufyalniz.com\/wp-content\/uploads\/2025\/03\/yerel-yonetimlerde-inovasyon2.jpg 1200w\" sizes=\"(max-width: 1024px) 100vw, 1024px\" \/><\/figure><\/div>\n<\/div>\n<\/div>\n\n\n\n<div class=\"wp-block-cover alignfull is-light\"><video class=\"wp-block-cover__video-background intrinsic-ignore\" autoplay muted loop playsinline src=\"https:\/\/yusufyalniz.com\/wp-content\/uploads\/2025\/03\/istanbul.mp4\" data-object-fit=\"cover\"><\/video><span aria-hidden=\"true\" class=\"wp-block-cover__background has-background-dim\" style=\"background-color:#3c3c3c\"><\/span><div class=\"wp-block-cover__inner-container is-layout-constrained wp-block-cover-is-layout-constrained\">\n<p class=\"has-text-align-center has-white-color has-text-color has-link-color has-large-font-size wp-elements-8ee0f46a4727cf1accb6d72e2942fbd5\">\u00c7evreye Duyarl\u0131 Yakla\u015f\u0131mlar \u0130le Modern Kentler \u0130n\u015fa Edelim!<\/p>\n<\/div><\/div>\n\n\n\n<h1 class=\"wp-block-heading has-text-align-center\"><strong>Projelerim<\/strong><\/h1>\n\n\n\n<hr class=\"wp-block-separator has-alpha-channel-opacity is-style-wide\"\/>\n\n\n\n<div class=\"wp-block-columns alignfull is-layout-flex wp-container-core-columns-is-layout-9d6595d7 wp-block-columns-is-layout-flex\">\n<div class=\"wp-block-column is-layout-flow wp-block-column-is-layout-flow\"><\/div>\n\n\n\n<div class=\"wp-block-column is-layout-flow wp-block-column-is-layout-flow\">\n<div class=\"wp-block-group is-vertical is-layout-flex wp-container-core-group-is-layout-8cf370e7 wp-block-group-is-layout-flex\">\n<figure class=\"wp-block-image size-full\"><img decoding=\"async\" width=\"800\" height=\"450\" src=\"https:\/\/yusufyalniz.com\/wp-content\/uploads\/2025\/03\/altin-sehirler.jpg\" alt=\"\" class=\"wp-image-225\" srcset=\"https:\/\/yusufyalniz.com\/wp-content\/uploads\/2025\/03\/altin-sehirler.jpg 800w, https:\/\/yusufyalniz.com\/wp-content\/uploads\/2025\/03\/altin-sehirler-300x169.jpg 300w, https:\/\/yusufyalniz.com\/wp-content\/uploads\/2025\/03\/altin-sehirler-768x432.jpg 768w\" sizes=\"(max-width: 800px) 100vw, 800px\" \/><\/figure>\n<\/div>\n\n\n\n<div class=\"wp-block-group is-nowrap is-layout-flex wp-container-core-group-is-layout-ad2f72ca wp-block-group-is-layout-flex\">\n<h2 class=\"wp-block-heading has-vivid-cyan-blue-color has-text-color has-link-color has-medium-font-size wp-elements-7704a290c1a2eaa0a9cf0d35df053daa\" style=\"font-style:normal;font-weight:700\">Alt\u0131n \u015eehirler<\/h2>\n<\/div>\n\n\n\n<div class=\"wp-block-group is-vertical is-layout-flex wp-container-core-group-is-layout-8cf370e7 wp-block-group-is-layout-flex\">\n<figure class=\"wp-block-table is-style-stripes has-medium-font-size wp-container-content-9cfa9a5a\"><table class=\"has-black-color has-cyan-bluish-gray-background-color has-text-color has-background has-link-color has-fixed-layout\"><tbody><tr><td>Proje Durumu<\/td><td>Devam ediyor<\/td><\/tr><tr><td>Proje Sorumlusu:<\/td><td><strong>Dr. Yusuf YALNIZ<\/strong><\/td><\/tr><tr><td>Ba\u015flang\u0131\u00e7 Tarihi<\/td><td>2014<\/td><\/tr><tr><td>Lokasyonu<\/td><td>Avrupa<\/td><\/tr><\/tbody><\/table><\/figure>\n<\/div>\n\n\n\n<div class=\"wp-block-buttons alignfull is-content-justification-center is-layout-flex wp-container-core-buttons-is-layout-16018d1d wp-block-buttons-is-layout-flex\">\n<div class=\"wp-block-button\"><a class=\"wp-block-button__link has-vivid-cyan-blue-background-color has-background wp-element-button\" href=\"https:\/\/yusufyalniz.com\/index.php\/2025\/03\/23\/668\/\">DETAY&#8230;<\/a><\/div>\n<\/div>\n<\/div>\n\n\n\n<div class=\"wp-block-column is-layout-flow wp-block-column-is-layout-flow\">\n<div class=\"wp-block-group is-vertical is-layout-flex wp-container-core-group-is-layout-8cf370e7 wp-block-group-is-layout-flex\">\n<figure class=\"wp-block-image size-full\"><img decoding=\"async\" width=\"800\" height=\"450\" src=\"https:\/\/yusufyalniz.com\/wp-content\/uploads\/2025\/03\/finansal-okuryazarlik.png\" alt=\"\" class=\"wp-image-230\" srcset=\"https:\/\/yusufyalniz.com\/wp-content\/uploads\/2025\/03\/finansal-okuryazarlik.png 800w, https:\/\/yusufyalniz.com\/wp-content\/uploads\/2025\/03\/finansal-okuryazarlik-300x169.png 300w, https:\/\/yusufyalniz.com\/wp-content\/uploads\/2025\/03\/finansal-okuryazarlik-768x432.png 768w\" sizes=\"(max-width: 800px) 100vw, 800px\" \/><\/figure>\n<\/div>\n\n\n\n<div class=\"wp-block-group is-nowrap is-layout-flex wp-container-core-group-is-layout-ad2f72ca wp-block-group-is-layout-flex\">\n<h2 class=\"wp-block-heading has-vivid-cyan-blue-color has-text-color has-link-color has-medium-font-size wp-elements-0f539381d0d8527313c17fb96686e857\" style=\"font-style:normal;font-weight:700\">Gen\u00e7ler ve Kad\u0131nlar \u0130\u00e7in Finansal Okuryazarl\u0131k Projesi<\/h2>\n<\/div>\n\n\n\n<div class=\"wp-block-group is-vertical is-layout-flex wp-container-core-group-is-layout-8cf370e7 wp-block-group-is-layout-flex\">\n<figure class=\"wp-block-table is-style-stripes has-medium-font-size wp-container-content-9cfa9a5a\"><table class=\"has-black-color has-cyan-bluish-gray-background-color has-text-color has-background has-link-color has-fixed-layout\"><tbody><tr><td>Proje Durumu<\/td><td>Devam ediyor<\/td><\/tr><tr><td>Proje Sorumlusu:<\/td><td><strong>Dr. Yusuf YALNIZ<\/strong><\/td><\/tr><tr><td>Ba\u015flang\u0131\u00e7 Tarihi<\/td><td>2023<\/td><\/tr><tr><td>Lokasyonu<\/td><td><\/td><\/tr><\/tbody><\/table><\/figure>\n<\/div>\n\n\n\n<div class=\"wp-block-buttons alignfull is-content-justification-center is-layout-flex wp-container-core-buttons-is-layout-16018d1d wp-block-buttons-is-layout-flex\">\n<div class=\"wp-block-button\"><a class=\"wp-block-button__link has-vivid-cyan-blue-background-color has-background wp-element-button\" href=\"https:\/\/yusufyalniz.com\/index.php\/2025\/03\/23\/gencler-ve-kadinlar-icin-finansal-okuryazarlik-projesi\/\">DETAY&#8230;<\/a><\/div>\n<\/div>\n<\/div>\n\n\n\n<div class=\"wp-block-column is-layout-flow wp-block-column-is-layout-flow\">\n<div class=\"wp-block-group is-vertical is-layout-flex wp-container-core-group-is-layout-8cf370e7 wp-block-group-is-layout-flex\">\n<figure class=\"wp-block-image size-full\"><img decoding=\"async\" width=\"800\" height=\"450\" src=\"https:\/\/yusufyalniz.com\/wp-content\/uploads\/2025\/03\/genclere-yonelik-danismanlik-projeleri.png\" alt=\"\" class=\"wp-image-231\" srcset=\"https:\/\/yusufyalniz.com\/wp-content\/uploads\/2025\/03\/genclere-yonelik-danismanlik-projeleri.png 800w, https:\/\/yusufyalniz.com\/wp-content\/uploads\/2025\/03\/genclere-yonelik-danismanlik-projeleri-300x169.png 300w, https:\/\/yusufyalniz.com\/wp-content\/uploads\/2025\/03\/genclere-yonelik-danismanlik-projeleri-768x432.png 768w\" sizes=\"(max-width: 800px) 100vw, 800px\" \/><\/figure>\n<\/div>\n\n\n\n<div class=\"wp-block-group is-nowrap is-layout-flex wp-container-core-group-is-layout-ad2f72ca wp-block-group-is-layout-flex\">\n<h2 class=\"wp-block-heading has-vivid-cyan-blue-color has-text-color has-link-color has-medium-font-size wp-elements-8a22900713f6707381a2ad3d46609f32\" style=\"font-style:normal;font-weight:700\">Gen\u00e7lere Y\u00f6nelik Dan\u0131\u015fmanl\u0131k Projesi<\/h2>\n<\/div>\n\n\n\n<div class=\"wp-block-group is-vertical is-layout-flex wp-container-core-group-is-layout-8cf370e7 wp-block-group-is-layout-flex\">\n<figure class=\"wp-block-table is-style-stripes has-medium-font-size wp-container-content-9cfa9a5a\"><table class=\"has-black-color has-cyan-bluish-gray-background-color has-text-color has-background has-link-color has-fixed-layout\"><tbody><tr><td>Proje Durumu<\/td><td>Devam ediyor<\/td><\/tr><tr><td>Proje Sorumlusu:<\/td><td><strong>Dr. Yusuf YALNIZ<\/strong><\/td><\/tr><tr><td>Ba\u015flang\u0131\u00e7 Tarihi<\/td><td>2014<\/td><\/tr><tr><td>Lokasyonu<\/td><td><\/td><\/tr><\/tbody><\/table><\/figure>\n<\/div>\n\n\n\n<div class=\"wp-block-buttons alignfull is-content-justification-center is-layout-flex wp-container-core-buttons-is-layout-16018d1d wp-block-buttons-is-layout-flex\">\n<div class=\"wp-block-button\"><a class=\"wp-block-button__link has-vivid-cyan-blue-background-color has-background wp-element-button\" href=\"https:\/\/yusufyalniz.com\/index.php\/2025\/03\/23\/genclere-yonelik-danismanlik-projesi\/\">DETAY&#8230;<\/a><\/div>\n<\/div>\n<\/div>\n\n\n\n<div class=\"wp-block-column is-layout-flow wp-block-column-is-layout-flow\"><\/div>\n<\/div>\n\n\n\n<div class=\"wp-block-buttons is-content-justification-center is-layout-flex wp-container-core-buttons-is-layout-16018d1d wp-block-buttons-is-layout-flex\">\n<div class=\"wp-block-button\"><a class=\"wp-block-button__link has-vivid-cyan-blue-background-color has-background has-medium-font-size has-custom-font-size wp-element-button\" href=\"https:\/\/yusufyalniz.com\/index.php\/hakkimda\/proje\/\">T\u00fcm\u00fcn\u00fc G\u00f6ster<\/a><\/div>\n<\/div>\n\n\n\n<p><\/p>\n\n\n\n<div class=\"wp-block-columns alignfull is-layout-flex wp-container-core-columns-is-layout-9d6595d7 wp-block-columns-is-layout-flex\">\n<div class=\"wp-block-column is-layout-flow wp-block-column-is-layout-flow\">\n<div class=\"wp-block-media-text is-stacked-on-mobile has-background\" style=\"background:radial-gradient(rgb(255,255,255) 3%,rgb(236,236,236) 100%);grid-template-columns:51% auto\"><figure class=\"wp-block-media-text__media\"><img decoding=\"async\" width=\"1000\" height=\"640\" src=\"https:\/\/yusufyalniz.com\/wp-content\/uploads\/2025\/03\/kentlesme-stratejileri2_1.jpg\" alt=\"\" class=\"wp-image-202 size-full\" srcset=\"https:\/\/yusufyalniz.com\/wp-content\/uploads\/2025\/03\/kentlesme-stratejileri2_1.jpg 1000w, https:\/\/yusufyalniz.com\/wp-content\/uploads\/2025\/03\/kentlesme-stratejileri2_1-300x192.jpg 300w, https:\/\/yusufyalniz.com\/wp-content\/uploads\/2025\/03\/kentlesme-stratejileri2_1-768x492.jpg 768w\" sizes=\"(max-width: 1000px) 100vw, 1000px\" \/><\/figure><div class=\"wp-block-media-text__content\">\n<p class=\"has-text-align-center has-medium-font-size\">Toplumsal Geli\u015fim, Ekonomik Kalk\u0131nma, Ula\u015f\u0131m Planlamas\u0131, Altyap\u0131 Yat\u0131r\u0131mlar\u0131, \u00c7evresel Etkiler, Teknoloji, Sosyal Yard\u0131m, Ekolojik Kentler, Dayan\u0131kl\u0131 ve Sa\u011fl\u0131kl\u0131 Kentler, S\u00fcrd\u00fcr\u00fclebilir Y\u00f6netim, Sosyal Belediyecilik<\/p>\n\n\n\n<p class=\"has-text-align-center has-vivid-cyan-blue-color has-text-color has-link-color has-x-large-font-size wp-elements-9ca4f46009ab433d6203c5b54566d9de\">Kentle\u015fme Stratejileri<\/p>\n\n\n\n<div class=\"wp-block-group is-layout-grid wp-container-core-group-is-layout-bacfd918 wp-block-group-is-layout-grid\">\n<div class=\"wp-block-group is-vertical is-content-justification-center is-layout-flex wp-container-core-group-is-layout-4b2eccd6 wp-block-group-is-layout-flex\">\n<figure class=\"wp-block-image size-full is-resized\"><img decoding=\"async\" width=\"800\" height=\"800\" src=\"https:\/\/yusufyalniz.com\/wp-content\/uploads\/2025\/03\/toplumsal-gelisme.png\" alt=\"\" class=\"wp-image-235\" style=\"width:101px;height:auto\" srcset=\"https:\/\/yusufyalniz.com\/wp-content\/uploads\/2025\/03\/toplumsal-gelisme.png 800w, https:\/\/yusufyalniz.com\/wp-content\/uploads\/2025\/03\/toplumsal-gelisme-300x300.png 300w, https:\/\/yusufyalniz.com\/wp-content\/uploads\/2025\/03\/toplumsal-gelisme-150x150.png 150w, https:\/\/yusufyalniz.com\/wp-content\/uploads\/2025\/03\/toplumsal-gelisme-768x768.png 768w\" sizes=\"(max-width: 800px) 100vw, 800px\" \/><\/figure>\n\n\n\n<h2 class=\"wp-block-heading\">Toplumsal Geli\u015fme<\/h2>\n\n\n\n<p>Toplumsal geli\u015fme, bir toplumun ekonomik, sosyal ve k\u00fclt\u00fcrel a\u00e7\u0131dan ilerlemesini ifade etmektedir. Bu s\u00fcre\u00e7, genellikle kentlerde yo\u011funla\u015f\u0131r ve yerel y\u00f6netimlerin \u00f6nemli bir rol oynad\u0131\u011f\u0131 bir d\u00f6n\u00fc\u015f\u00fcm olarak tan\u0131mlanabilir. Kentler, toplumsal geli\u015fmenin merkezi olarak kabul edilmektedir.<\/p>\n\n\n\n<p><a href=\"https:\/\/yusufyalniz.com\/index.php\/2025\/03\/16\/toplumsal-gelisme\/\">Devam\u0131n\u0131 Oku<\/a><\/p>\n<\/div>\n\n\n\n<div class=\"wp-block-group is-vertical is-content-justification-center is-layout-flex wp-container-core-group-is-layout-4b2eccd6 wp-block-group-is-layout-flex\">\n<figure class=\"wp-block-image size-full is-resized\"><img decoding=\"async\" width=\"800\" height=\"800\" src=\"https:\/\/yusufyalniz.com\/wp-content\/uploads\/2025\/03\/sosyal-belediyecilik.png\" alt=\"\" class=\"wp-image-238\" style=\"width:101px;height:auto\" srcset=\"https:\/\/yusufyalniz.com\/wp-content\/uploads\/2025\/03\/sosyal-belediyecilik.png 800w, https:\/\/yusufyalniz.com\/wp-content\/uploads\/2025\/03\/sosyal-belediyecilik-300x300.png 300w, https:\/\/yusufyalniz.com\/wp-content\/uploads\/2025\/03\/sosyal-belediyecilik-150x150.png 150w, https:\/\/yusufyalniz.com\/wp-content\/uploads\/2025\/03\/sosyal-belediyecilik-768x768.png 768w\" sizes=\"(max-width: 800px) 100vw, 800px\" \/><\/figure>\n\n\n\n<h2 class=\"wp-block-heading\">Sosyal Belediyecilik<\/h2>\n\n\n\n<p>Sosyal belediyecilik, toplumun ihtiya\u00e7lar\u0131na duyarl\u0131 ve toplumsal sorunlara \u00e7\u00f6z\u00fcm odakl\u0131 bir yakla\u015f\u0131m benimseyerek, toplumun refah d\u00fczeyini art\u0131rmay\u0131 hedefler. Bu do\u011frultuda y\u00fcr\u00fct\u00fclen proje ve hizmetler, toplumda sosyal adaletin sa\u011flanmas\u0131na ve her bireyin hak etti\u011fi ya\u015fam kalitesine ula\u015fmas\u0131na katk\u0131 sa\u011flar.<\/p>\n\n\n\n<p><a href=\"https:\/\/yusufyalniz.com\/index.php\/2025\/03\/16\/sosyal-belediyecilik\/\">Devam\u0131n\u0131 Oku<\/a><\/p>\n<\/div>\n\n\n\n<div class=\"wp-block-group is-vertical is-content-justification-center is-layout-flex wp-container-core-group-is-layout-4b2eccd6 wp-block-group-is-layout-flex\">\n<figure class=\"wp-block-image size-full is-resized\"><img decoding=\"async\" width=\"800\" height=\"800\" src=\"https:\/\/yusufyalniz.com\/wp-content\/uploads\/2025\/03\/kentsel-planlama.png\" alt=\"\" class=\"wp-image-240\" style=\"width:101px;height:auto\" srcset=\"https:\/\/yusufyalniz.com\/wp-content\/uploads\/2025\/03\/kentsel-planlama.png 800w, https:\/\/yusufyalniz.com\/wp-content\/uploads\/2025\/03\/kentsel-planlama-300x300.png 300w, https:\/\/yusufyalniz.com\/wp-content\/uploads\/2025\/03\/kentsel-planlama-150x150.png 150w, https:\/\/yusufyalniz.com\/wp-content\/uploads\/2025\/03\/kentsel-planlama-768x768.png 768w\" sizes=\"(max-width: 800px) 100vw, 800px\" \/><\/figure>\n\n\n\n<h2 class=\"wp-block-heading\">Kentsel Planlama<\/h2>\n\n\n\n<p>Kentsel planlama, kentlerin fiziksel, sosyal ve ekonomik yap\u0131s\u0131n\u0131 d\u00fczenleyen bir s\u00fcre\u00e7tir. Bu s\u00fcre\u00e7, kentlerin s\u00fcrd\u00fcr\u00fclebilirli\u011fini ve ya\u015fanabilirli\u011fini sa\u011flamak amac\u0131yla yerel y\u00f6netimler taraf\u0131ndan y\u00fcr\u00fct\u00fclmektedir. Kentsel planlama s\u00fcrecinde ye\u015fil alanlar, parklar, bah\u00e7eler ve ya\u015fam alanlar\u0131 \u00f6nemlidir.<\/p>\n\n\n\n<p><a href=\"https:\/\/yusufyalniz.com\/index.php\/2025\/03\/16\/kentsel-planlama\/\">Devam\u0131n\u0131 Oku<\/a><\/p>\n<\/div>\n<\/div>\n<\/div><\/div>\n<\/div>\n<\/div>\n\n\n\n<p class=\"has-text-align-center\">Gelece\u011fe Yat\u0131r\u0131m Yaparak Topluma De\u011fer Katabiliriz!<\/p>\n\n\n\n<h1 class=\"wp-block-heading has-text-align-center\"><strong>\u00c7arp\u0131k Kentle\u015fme ve S\u00fcrd\u00fcr\u00fclebilirlik<\/strong><\/h1>\n\n\n\n<hr class=\"wp-block-separator has-alpha-channel-opacity is-style-wide\"\/>\n\n\n\n<div class=\"wp-block-columns alignfull are-vertically-aligned-top is-layout-flex wp-container-core-columns-is-layout-9d6595d7 wp-block-columns-is-layout-flex\">\n<div class=\"wp-block-column is-layout-flow wp-block-column-is-layout-flow\"><\/div>\n\n\n\n<div class=\"wp-block-column is-vertically-aligned-top is-layout-flow wp-block-column-is-layout-flow\">\n<div class=\"wp-block-group is-vertical is-content-justification-center is-layout-flex wp-container-core-group-is-layout-4b2eccd6 wp-block-group-is-layout-flex\">\n<figure class=\"wp-block-image size-full\"><img decoding=\"async\" width=\"200\" height=\"200\" src=\"https:\/\/yusufyalniz.com\/wp-content\/uploads\/2025\/03\/plansiz-kentlesme.png\" alt=\"\" class=\"wp-image-244\" srcset=\"https:\/\/yusufyalniz.com\/wp-content\/uploads\/2025\/03\/plansiz-kentlesme.png 200w, https:\/\/yusufyalniz.com\/wp-content\/uploads\/2025\/03\/plansiz-kentlesme-150x150.png 150w\" sizes=\"(max-width: 200px) 100vw, 200px\" \/><\/figure>\n<\/div>\n\n\n\n<div class=\"wp-block-group is-content-justification-center is-nowrap is-layout-flex wp-container-core-group-is-layout-94bc23d7 wp-block-group-is-layout-flex\">\n<h2 class=\"wp-block-heading has-vivid-cyan-blue-color has-text-color has-link-color has-medium-font-size wp-elements-052a8a3a3d5a69638615ba2be75753d7\" style=\"font-style:normal;font-weight:700\">Plans\u0131z Kentle\u015fme<\/h2>\n<\/div>\n\n\n\n<div class=\"wp-block-group is-vertical is-content-justification-center is-layout-flex wp-container-core-group-is-layout-4b2eccd6 wp-block-group-is-layout-flex\">\n<p>Plans\u0131z kentle\u015fme, kentlerin h\u0131zl\u0131 bir \u015fekilde b\u00fcy\u00fcmesi sonucunda altyap\u0131, ula\u015f\u0131m ve \u00e7evre sorunlar\u0131yla kar\u015f\u0131 kar\u015f\u0131ya kalmas\u0131na, afet durumlar\u0131nda telafisi m\u00fcmk\u00fcn olmayan y\u0131k\u0131mlara ve kay\u0131plara neden olur. G\u00fcn\u00fcm\u00fcz\u00fcn de en \u00f6nemli problemlerden biridir.<\/p>\n\n\n\n<p><a href=\"https:\/\/yusufyalniz.com\/index.php\/2025\/03\/16\/plansiz-kentlesme\/\">Devam\u0131n\u0131 Oku<\/a><\/p>\n<\/div>\n<\/div>\n\n\n\n<div class=\"wp-block-column is-vertically-aligned-top is-layout-flow wp-block-column-is-layout-flow\">\n<div class=\"wp-block-group is-vertical is-content-justification-center is-layout-flex wp-container-core-group-is-layout-4b2eccd6 wp-block-group-is-layout-flex\">\n<figure class=\"wp-block-image size-full\"><img decoding=\"async\" width=\"200\" height=\"200\" src=\"https:\/\/yusufyalniz.com\/wp-content\/uploads\/2025\/03\/egitim_2.png\" alt=\"\" class=\"wp-image-247\" srcset=\"https:\/\/yusufyalniz.com\/wp-content\/uploads\/2025\/03\/egitim_2.png 200w, https:\/\/yusufyalniz.com\/wp-content\/uploads\/2025\/03\/egitim_2-150x150.png 150w\" sizes=\"(max-width: 200px) 100vw, 200px\" \/><\/figure>\n<\/div>\n\n\n\n<div class=\"wp-block-group is-content-justification-center is-nowrap is-layout-flex wp-container-core-group-is-layout-94bc23d7 wp-block-group-is-layout-flex\">\n<h2 class=\"wp-block-heading has-vivid-cyan-blue-color has-text-color has-link-color has-medium-font-size wp-elements-9b41a14d4855ab0a0c0bc4b967198a26\" style=\"font-style:normal;font-weight:700\">E\u011fitim ve K\u00fclt\u00fcr<\/h2>\n<\/div>\n\n\n\n<div class=\"wp-block-group is-vertical is-content-justification-center is-layout-flex wp-container-core-group-is-layout-4b2eccd6 wp-block-group-is-layout-flex\">\n<p>Yerel y\u00f6netimler, kentte ya\u015fayan bireylerin topluma uyum sa\u011flamas\u0131 noktas\u0131nda \u00e7ok \u00f6nemli g\u00f6revler \u00fcstlenmektedir. Bunlardan en \u00f6nemlisi e\u011fitim ve k\u00fclt\u00fcr faaliyetleridir. \u00d6rne\u011fin, okul \u00f6ncesi e\u011fitim, mesleki e\u011fitim, s\u0131navlara haz\u0131rl\u0131k ve k\u00fclt\u00fcrel faaliyetler toplumun de\u011fi\u015fim ve d\u00f6n\u00fc\u015f\u00fcm\u00fcn\u00fc sa\u011flar.<\/p>\n\n\n\n<p><a href=\"https:\/\/yusufyalniz.com\/index.php\/2025\/03\/16\/egitim\/\">Devam\u0131n\u0131 Oku<\/a><\/p>\n<\/div>\n<\/div>\n\n\n\n<div class=\"wp-block-column is-vertically-aligned-top is-layout-flow wp-block-column-is-layout-flow\">\n<div class=\"wp-block-group is-vertical is-content-justification-center is-layout-flex wp-container-core-group-is-layout-4b2eccd6 wp-block-group-is-layout-flex\">\n<figure class=\"wp-block-image size-full\"><img decoding=\"async\" width=\"200\" height=\"200\" src=\"https:\/\/yusufyalniz.com\/wp-content\/uploads\/2025\/03\/ekonomik-sorunlar_1.png\" alt=\"\" class=\"wp-image-248\" srcset=\"https:\/\/yusufyalniz.com\/wp-content\/uploads\/2025\/03\/ekonomik-sorunlar_1.png 200w, https:\/\/yusufyalniz.com\/wp-content\/uploads\/2025\/03\/ekonomik-sorunlar_1-150x150.png 150w\" sizes=\"(max-width: 200px) 100vw, 200px\" \/><\/figure>\n<\/div>\n\n\n\n<div class=\"wp-block-group is-content-justification-center is-nowrap is-layout-flex wp-container-core-group-is-layout-94bc23d7 wp-block-group-is-layout-flex\">\n<h2 class=\"wp-block-heading has-vivid-cyan-blue-color has-text-color has-link-color has-medium-font-size wp-elements-5241d3b76ace7652a79cbf68e32c1869\" style=\"font-style:normal;font-weight:700\">Ekonomik Sorunlar<\/h2>\n<\/div>\n\n\n\n<div class=\"wp-block-group is-vertical is-content-justification-center is-layout-flex wp-container-core-group-is-layout-4b2eccd6 wp-block-group-is-layout-flex\">\n<p>Yerel y\u00f6netimlerde ekonomik sorunlar\u0131n \u00e7\u00f6z\u00fcm\u00fc i\u00e7in daha etkili b\u00fct\u00e7e planlamalar\u0131 yap\u0131lmas\u0131 gerekmektedir. Gelirlerin art\u0131r\u0131lmas\u0131 ve giderlerin kontrol alt\u0131na al\u0131nmas\u0131, belediyelerin ekonomik sorunlar\u0131n\u0131 \u00e7\u00f6zebilmeleri i\u00e7in \u00f6nemli ad\u0131mlard\u0131r.<\/p>\n\n\n\n<p><a href=\"https:\/\/yusufyalniz.com\/index.php\/2025\/03\/16\/ekonomik-sorunlar\/\">Devam\u0131n\u0131 Oku<\/a><\/p>\n<\/div>\n<\/div>\n\n\n\n<div class=\"wp-block-column is-vertically-aligned-top is-layout-flow wp-block-column-is-layout-flow\">\n<div class=\"wp-block-group is-vertical is-content-justification-center is-layout-flex wp-container-core-group-is-layout-4b2eccd6 wp-block-group-is-layout-flex\">\n<figure class=\"wp-block-image size-full\"><img decoding=\"async\" width=\"200\" height=\"200\" src=\"https:\/\/yusufyalniz.com\/wp-content\/uploads\/2025\/03\/goc.png\" alt=\"\" class=\"wp-image-249\" srcset=\"https:\/\/yusufyalniz.com\/wp-content\/uploads\/2025\/03\/goc.png 200w, https:\/\/yusufyalniz.com\/wp-content\/uploads\/2025\/03\/goc-150x150.png 150w\" sizes=\"(max-width: 200px) 100vw, 200px\" \/><\/figure>\n<\/div>\n\n\n\n<div class=\"wp-block-group is-content-justification-center is-nowrap is-layout-flex wp-container-core-group-is-layout-94bc23d7 wp-block-group-is-layout-flex\">\n<h2 class=\"wp-block-heading has-vivid-cyan-blue-color has-text-color has-link-color has-medium-font-size wp-elements-7f66f55d2525c85b2e7e4716e1b28df9\" style=\"font-style:normal;font-weight:700\">G\u00f6\u00e7<\/h2>\n<\/div>\n\n\n\n<div class=\"wp-block-group is-vertical is-content-justification-center is-layout-flex wp-container-core-group-is-layout-4b2eccd6 wp-block-group-is-layout-flex\">\n<p>Yerel y\u00f6netimlere g\u00f6\u00e7, son y\u0131llarda T\u00fcrkiye&#8217;nin \u00f6nemli bir sorunu haline gelmi\u015ftir. \u00d6zellikle b\u00fcy\u00fck \u015fehirlerde h\u0131zla artan n\u00fcfus, yerel y\u00f6netimleri yeni sorunlarla kar\u015f\u0131 kar\u015f\u0131ya b\u0131rakmaktad\u0131r. Bu durum, hem kentsel altyap\u0131 hem de sosyal hizmetler a\u00e7\u0131s\u0131ndan \u00f6nemli zorluklar yaratmaktad\u0131r.<\/p>\n\n\n\n<p><a href=\"https:\/\/yusufyalniz.com\/index.php\/2025\/03\/16\/goc\/\">Devam\u0131n\u0131 Oku<\/a><\/p>\n<\/div>\n<\/div>\n\n\n\n<div class=\"wp-block-column is-layout-flow wp-block-column-is-layout-flow\"><\/div>\n<\/div>\n\n\n\n<div class=\"wp-block-buttons is-content-justification-center is-layout-flex wp-container-core-buttons-is-layout-16018d1d wp-block-buttons-is-layout-flex\">\n<div class=\"wp-block-button\"><a class=\"wp-block-button__link has-vivid-cyan-blue-background-color has-background has-medium-font-size has-custom-font-size wp-element-button\" href=\"https:\/\/yusufyalniz.com\/index.php\/hakkimda\/yazilar\/\">T\u00fcm\u00fcn\u00fc G\u00f6ster<\/a><\/div>\n<\/div>\n\n\n\n<div class=\"wp-block-cover alignfull is-light has-parallax\" style=\"min-height:800px;aspect-ratio:unset;aspect-ratio:unset;\"><div class=\"wp-block-cover__image-background wp-image-253 has-parallax\" style=\"background-position:50% 50%;background-image:url(https:\/\/yusufyalniz.com\/wp-content\/uploads\/2025\/03\/anasayfa-res.jpg)\"><\/div><span aria-hidden=\"true\" class=\"wp-block-cover__background has-background-dim-60 has-background-dim\" style=\"background-color:#acb1a5\"><\/span><div class=\"wp-block-cover__inner-container is-layout-flow wp-block-cover-is-layout-flow\">\n<h2 class=\"wp-block-heading alignwide has-text-align-center has-white-color has-text-color\" style=\"font-size:64px;font-style:normal;font-weight:1000\">Kent Y\u00f6netiminde.<\/h2>\n\n\n\n<div class=\"wp-block-columns alignfull are-vertically-aligned-center is-layout-flex wp-container-core-columns-is-layout-9d6595d7 wp-block-columns-is-layout-flex\">\n<div class=\"wp-block-column is-layout-flow wp-block-column-is-layout-flow\">\n<h2 class=\"wp-block-heading has-text-align-center has-white-color has-text-color has-link-color has-large-font-size wp-elements-49ba08dd724390e5226a3e576495eb6a\" style=\"font-style:normal;font-weight:900\"><em>Yenilik\u00e7i Yakla\u015f\u0131mlar<\/em><\/h2>\n\n\n\n<div class=\"wp-block-buttons is-content-justification-center is-layout-flex wp-container-core-buttons-is-layout-16018d1d wp-block-buttons-is-layout-flex\">\n<div class=\"wp-block-button\"><a class=\"wp-block-button__link wp-element-button\" href=\"https:\/\/yusufyalniz.com\/index.php\/hakkimda\/yazilar\/\">Blog<\/a><\/div>\n<\/div>\n<\/div>\n<\/div>\n<\/div><\/div>\n\n\n\n<h1 class=\"wp-block-heading has-text-align-center\"><strong>BLOG<\/strong><\/h1>\n\n\n\n<hr class=\"wp-block-separator has-alpha-channel-opacity is-style-wide\"\/>\n\n\n\n<div class=\"wp-block-columns alignfull is-layout-flex wp-container-core-columns-is-layout-9d6595d7 wp-block-columns-is-layout-flex\">\n<div class=\"wp-block-column is-layout-flow wp-block-column-is-layout-flow\"><\/div>\n\n\n\n<div class=\"wp-block-column is-layout-flow wp-block-column-is-layout-flow\">\n<div class=\"wp-block-group is-vertical is-content-justification-center is-layout-flex wp-container-core-group-is-layout-4b2eccd6 wp-block-group-is-layout-flex\">\n<figure class=\"wp-block-image size-full is-style-rounded\"><img decoding=\"async\" width=\"800\" height=\"450\" src=\"https:\/\/yusufyalniz.com\/wp-content\/uploads\/2025\/03\/kent-ve-kirsal-alan-yonetimi.png\" alt=\"\" class=\"wp-image-259\" style=\"aspect-ratio:1;object-fit:cover\" srcset=\"https:\/\/yusufyalniz.com\/wp-content\/uploads\/2025\/03\/kent-ve-kirsal-alan-yonetimi.png 800w, https:\/\/yusufyalniz.com\/wp-content\/uploads\/2025\/03\/kent-ve-kirsal-alan-yonetimi-300x169.png 300w, https:\/\/yusufyalniz.com\/wp-content\/uploads\/2025\/03\/kent-ve-kirsal-alan-yonetimi-768x432.png 768w\" sizes=\"(max-width: 800px) 100vw, 800px\" \/><\/figure>\n<\/div>\n\n\n\n<div class=\"wp-block-group is-content-justification-center is-nowrap is-layout-flex wp-container-core-group-is-layout-94bc23d7 wp-block-group-is-layout-flex\">\n<h2 class=\"wp-block-heading has-vivid-cyan-blue-color has-text-color has-link-color has-medium-font-size wp-elements-458af8c6cf475dcf1f8e543802522e52\" style=\"font-style:normal;font-weight:700\">\u00c7evresel Fakt\u00f6rlerin Kentle\u015fme \u00dczerindeki Etkileri<\/h2>\n<\/div>\n\n\n\n<div class=\"wp-block-group is-vertical is-content-justification-center is-layout-flex wp-container-core-group-is-layout-4b2eccd6 wp-block-group-is-layout-flex\">\n<p><a href=\"https:\/\/yusufyalniz.com\/index.php\/2025\/03\/16\/cevresel-faktorlerin-kentlesme-uzerindeki-etkileri\/\">Devam\u0131n\u0131 Oku<\/a><\/p>\n<\/div>\n<\/div>\n\n\n\n<div class=\"wp-block-column is-layout-flow wp-block-column-is-layout-flow\">\n<div class=\"wp-block-group is-vertical is-content-justification-center is-layout-flex wp-container-core-group-is-layout-4b2eccd6 wp-block-group-is-layout-flex\">\n<figure class=\"wp-block-image size-full is-style-rounded\"><img decoding=\"async\" width=\"1216\" height=\"832\" src=\"https:\/\/yusufyalniz.com\/wp-content\/uploads\/2025\/03\/5871938634-Yerel-yonetimlerde-siyasetin-radikallesmesi.png\" alt=\"\" class=\"wp-image-258\" style=\"aspect-ratio:1;object-fit:cover\" srcset=\"https:\/\/yusufyalniz.com\/wp-content\/uploads\/2025\/03\/5871938634-Yerel-yonetimlerde-siyasetin-radikallesmesi.png 1216w, https:\/\/yusufyalniz.com\/wp-content\/uploads\/2025\/03\/5871938634-Yerel-yonetimlerde-siyasetin-radikallesmesi-300x205.png 300w, https:\/\/yusufyalniz.com\/wp-content\/uploads\/2025\/03\/5871938634-Yerel-yonetimlerde-siyasetin-radikallesmesi-1024x701.png 1024w, https:\/\/yusufyalniz.com\/wp-content\/uploads\/2025\/03\/5871938634-Yerel-yonetimlerde-siyasetin-radikallesmesi-768x525.png 768w\" sizes=\"(max-width: 1216px) 100vw, 1216px\" \/><\/figure>\n<\/div>\n\n\n\n<div class=\"wp-block-group is-content-justification-center is-nowrap is-layout-flex wp-container-core-group-is-layout-94bc23d7 wp-block-group-is-layout-flex\">\n<h2 class=\"wp-block-heading has-vivid-cyan-blue-color has-text-color has-link-color has-medium-font-size wp-elements-ddf955c110a2a14437bdc7b40ce268c0\" style=\"font-style:normal;font-weight:700\">Sosyal ve K\u00fclt\u00fcrel Fakt\u00f6rlerin Kentle\u015fme S\u00fcrecindeki Rol\u00fc<\/h2>\n<\/div>\n\n\n\n<div class=\"wp-block-group is-vertical is-content-justification-center is-layout-flex wp-container-core-group-is-layout-4b2eccd6 wp-block-group-is-layout-flex\">\n<p><a href=\"https:\/\/yusufyalniz.com\/index.php\/2025\/03\/16\/sosyal-ve-kulturel-faktorlerin-kentlesme-surecindeki-rolu\/\">Devam\u0131n\u0131 Oku<\/a><\/p>\n<\/div>\n<\/div>\n\n\n\n<div class=\"wp-block-column is-layout-flow wp-block-column-is-layout-flow\">\n<div class=\"wp-block-group is-vertical is-content-justification-center is-layout-flex wp-container-core-group-is-layout-4b2eccd6 wp-block-group-is-layout-flex\">\n<figure class=\"wp-block-image size-full is-style-rounded wp-duotone-unset-3\"><img decoding=\"async\" width=\"1216\" height=\"832\" src=\"https:\/\/yusufyalniz.com\/wp-content\/uploads\/2025\/03\/4799937025-Yerel-Yonetimlerde-Kamu-Hizmetlerinin-Etkin-ve-Verimli-Yurutulmesi.png\" alt=\"\" class=\"wp-image-262\" style=\"aspect-ratio:1;object-fit:cover\" srcset=\"https:\/\/yusufyalniz.com\/wp-content\/uploads\/2025\/03\/4799937025-Yerel-Yonetimlerde-Kamu-Hizmetlerinin-Etkin-ve-Verimli-Yurutulmesi.png 1216w, https:\/\/yusufyalniz.com\/wp-content\/uploads\/2025\/03\/4799937025-Yerel-Yonetimlerde-Kamu-Hizmetlerinin-Etkin-ve-Verimli-Yurutulmesi-300x205.png 300w, https:\/\/yusufyalniz.com\/wp-content\/uploads\/2025\/03\/4799937025-Yerel-Yonetimlerde-Kamu-Hizmetlerinin-Etkin-ve-Verimli-Yurutulmesi-1024x701.png 1024w, https:\/\/yusufyalniz.com\/wp-content\/uploads\/2025\/03\/4799937025-Yerel-Yonetimlerde-Kamu-Hizmetlerinin-Etkin-ve-Verimli-Yurutulmesi-768x525.png 768w\" sizes=\"(max-width: 1216px) 100vw, 1216px\" \/><\/figure>\n<\/div>\n\n\n\n<div class=\"wp-block-group is-content-justification-center is-nowrap is-layout-flex wp-container-core-group-is-layout-94bc23d7 wp-block-group-is-layout-flex\">\n<h2 class=\"wp-block-heading has-vivid-cyan-blue-color has-text-color has-link-color has-medium-font-size wp-elements-7c28150c321f0faa05abee11dab08dce\" style=\"font-style:normal;font-weight:700\">B\u00fcy\u00fck\u015fehir Belediyeleri Mali Hizmetler S\u00fcreci<\/h2>\n<\/div>\n\n\n\n<div class=\"wp-block-group is-vertical is-content-justification-center is-layout-flex wp-container-core-group-is-layout-4b2eccd6 wp-block-group-is-layout-flex\">\n<p><a href=\"https:\/\/yusufyalniz.com\/index.php\/2025\/03\/16\/buyuksehir-belediyeleri-mali-hizmetler-sureci\/\">Devam\u0131n\u0131 Oku<\/a><\/p>\n<\/div>\n<\/div>\n\n\n\n<div class=\"wp-block-column is-layout-flow wp-block-column-is-layout-flow\">\n<div class=\"wp-block-group is-vertical is-content-justification-center is-layout-flex wp-container-core-group-is-layout-4b2eccd6 wp-block-group-is-layout-flex\">\n<figure class=\"wp-block-image size-full is-style-rounded\"><img decoding=\"async\" width=\"1216\" height=\"832\" src=\"https:\/\/yusufyalniz.com\/wp-content\/uploads\/2025\/03\/3035131-Metropol-Alanlarin-Kulturel-Planlamasi.png\" alt=\"\" class=\"wp-image-257\" style=\"aspect-ratio:1;object-fit:cover\" srcset=\"https:\/\/yusufyalniz.com\/wp-content\/uploads\/2025\/03\/3035131-Metropol-Alanlarin-Kulturel-Planlamasi.png 1216w, https:\/\/yusufyalniz.com\/wp-content\/uploads\/2025\/03\/3035131-Metropol-Alanlarin-Kulturel-Planlamasi-300x205.png 300w, https:\/\/yusufyalniz.com\/wp-content\/uploads\/2025\/03\/3035131-Metropol-Alanlarin-Kulturel-Planlamasi-1024x701.png 1024w, https:\/\/yusufyalniz.com\/wp-content\/uploads\/2025\/03\/3035131-Metropol-Alanlarin-Kulturel-Planlamasi-768x525.png 768w\" sizes=\"(max-width: 1216px) 100vw, 1216px\" \/><\/figure>\n<\/div>\n\n\n\n<div class=\"wp-block-group is-content-justification-center is-nowrap is-layout-flex wp-container-core-group-is-layout-94bc23d7 wp-block-group-is-layout-flex\">\n<h2 class=\"wp-block-heading has-vivid-cyan-blue-color has-text-color has-link-color has-medium-font-size wp-elements-af069e38455e4e1e01a883b06abe561b\" style=\"font-style:normal;font-weight:700\">Metropol Alanlar\u0131n K\u00fclt\u00fcrel Planlamas\u0131<\/h2>\n<\/div>\n\n\n\n<div class=\"wp-block-group is-vertical is-content-justification-center is-layout-flex wp-container-core-group-is-layout-4b2eccd6 wp-block-group-is-layout-flex\">\n<p><a href=\"https:\/\/yusufyalniz.com\/index.php\/2025\/03\/16\/metropol-alanlarin-kulturel-planlamasi\/\">Devam\u0131n\u0131 Oku<\/a><\/p>\n<\/div>\n<\/div>\n\n\n\n<div class=\"wp-block-column is-layout-flow wp-block-column-is-layout-flow\"><\/div>\n<\/div>\n\n\n\n<div class=\"wp-block-buttons is-content-justification-center is-layout-flex wp-container-core-buttons-is-layout-16018d1d wp-block-buttons-is-layout-flex\">\n<div class=\"wp-block-button\"><a class=\"wp-block-button__link has-vivid-cyan-blue-background-color has-background has-medium-font-size has-custom-font-size wp-element-button\" href=\"https:\/\/yusufyalniz.com\/index.php\/hakkimda\/yazilar\/\">T\u00fcm\u00fcn\u00fc G\u00f6ster<\/a><\/div>\n<\/div>\n\n\n\n<div class=\"wp-block-columns alignfull is-layout-flex wp-container-core-columns-is-layout-9d6595d7 wp-block-columns-is-layout-flex\">\n<div class=\"wp-block-column is-vertically-aligned-bottom is-layout-flow wp-block-column-is-layout-flow\" style=\"flex-basis:100%\">\n<div class=\"wp-block-group is-vertical is-layout-flex wp-container-core-group-is-layout-8cf370e7 wp-block-group-is-layout-flex\">\n<div class=\"wp-block-columns is-layout-flex wp-container-core-columns-is-layout-9d6595d7 wp-block-columns-is-layout-flex\">\n<div class=\"wp-block-column is-layout-flow wp-block-column-is-layout-flow\" style=\"flex-basis:100%\">\n<div class=\"wp-block-group has-black-background-color has-background is-vertical is-layout-flex wp-container-core-group-is-layout-8cf370e7 wp-block-group-is-layout-flex\">\n<div style=\"height:0px\" aria-hidden=\"true\" class=\"wp-block-spacer wp-container-content-541a6b20\"><\/div>\n\n\n\n<div class=\"wp-block-columns has-small-font-size is-layout-flex wp-container-core-columns-is-layout-9d6595d7 wp-block-columns-is-layout-flex\">\n<div class=\"wp-block-column is-vertically-aligned-top is-layout-flow wp-block-column-is-layout-flow\"><\/div>\n\n\n\n<div class=\"wp-block-column is-vertically-aligned-top is-layout-flow wp-block-column-is-layout-flow\">\n<figure class=\"wp-block-image size-full\"><img decoding=\"async\" width=\"300\" height=\"51\" src=\"https:\/\/yusufyalniz.com\/wp-content\/uploads\/2025\/02\/dryusufyalnizlogo-1.png\" alt=\"\" class=\"wp-image-43\"\/><\/figure>\n\n\n\n<p class=\"has-text-align-left has-white-color has-text-color has-link-color wp-elements-2784800cbe579458180a48d50255a007\">\ud83d\udcde <strong>&nbsp;Telefon :&nbsp;<\/strong>0535 394 09 34<\/p>\n\n\n\n<p class=\"has-text-align-left has-white-color has-text-color has-link-color wp-elements-bacdadb4c4d9ff1fe84148ef6b654f46\">\u2709\ufe0f<strong>&nbsp;E-posta :&nbsp;<\/strong>bilgi@yusufyalniz.com.tr<\/p>\n<\/div>\n\n\n\n<div class=\"wp-block-column is-vertically-aligned-stretch is-layout-flow wp-block-column-is-layout-flow\">\n<p class=\"has-text-align-left has-white-color has-text-color has-link-color wp-elements-127e740fd4c59b1b6e84267ffe2cf31d\" style=\"font-size:23px;font-style:normal;font-weight:600\">Men\u00fc<\/p>\n\n\n<nav class=\"has-text-color has-white-color has-small-font-size items-justified-left is-vertical no-wrap wp-block-navigation is-content-justification-left is-nowrap is-layout-flex wp-container-core-navigation-is-layout-13b8677b wp-block-navigation-is-layout-flex\" aria-label=\"Navigation\"><ul class=\"wp-block-navigation__container has-text-color has-white-color has-small-font-size items-justified-left is-vertical no-wrap wp-block-navigation has-small-font-size\"><li class=\"has-small-font-size wp-block-navigation-item wp-block-navigation-link\"><a class=\"wp-block-navigation-item__content\"  href=\"https:\/\/yusufyalniz.com\/\"><span class=\"wp-block-navigation-item__label\">Home<\/span><\/a><\/li><li class=\"has-small-font-size wp-block-navigation-item wp-block-navigation-link\"><a class=\"wp-block-navigation-item__content\"  href=\"https:\/\/yusufyalniz.com\/index.php\/iletisim\/\"><span class=\"wp-block-navigation-item__label\">\u0130leti\u015fim<\/span><\/a><\/li><li class=\"has-small-font-size wp-block-navigation-item wp-block-navigation-link\"><a class=\"wp-block-navigation-item__content\"  href=\"https:\/\/yusufyalniz.com\/index.php\/yazilar\/\"><span class=\"wp-block-navigation-item__label\">Yaz\u0131lar<\/span><\/a><\/li><\/ul><\/nav><\/div>\n\n\n\n<div class=\"wp-block-column is-vertically-aligned-top is-layout-flow wp-block-column-is-layout-flow\">\n<h2 class=\"wp-block-heading has-text-align-left has-white-color has-text-color has-link-color wp-elements-4ab01bfdf99d056f484eec7da26f448c\" style=\"font-style:normal;font-weight:600\">Son Yaz\u0131lar<\/h2>\n\n\n<ul class=\"wp-block-latest-posts__list has-link-color aligncenter wp-elements-0fb3c98e0db7561338fce9bc97de5d75 wp-block-latest-posts has-text-color has-white-color has-small-font-size\"><li><a class=\"wp-block-latest-posts__post-title\" href=\"https:\/\/yusufyalniz.com\/index.php\/2025\/04\/27\/afetlere-hazirlik-icin-finansal-kaynaklar-ve-finansman\/\">Afetlere Haz\u0131rl\u0131k \u0130\u00e7in Finansal Kaynaklar ve Finansman<\/a><\/li>\n<li><a class=\"wp-block-latest-posts__post-title\" href=\"https:\/\/yusufyalniz.com\/index.php\/2025\/03\/23\/yenilenebilir-enerji-ve-surdurulebilirlik-projeleri\/\">Yenilenebilir Enerji ve S\u00fcrd\u00fcr\u00fclebilirlik Projeleri<\/a><\/li>\n<li><a class=\"wp-block-latest-posts__post-title\" href=\"https:\/\/yusufyalniz.com\/index.php\/2025\/03\/23\/uluslararasi-genclik-degisim-programi\/\">Uluslararas\u0131 Gen\u00e7lik De\u011fi\u015fim Program\u0131<\/a><\/li>\n<\/ul><\/div>\n\n\n\n<div class=\"wp-block-column is-vertically-aligned-top is-layout-flow wp-block-column-is-layout-flow\">\n<h2 class=\"wp-block-heading has-text-align-center has-white-color has-text-color has-link-color wp-elements-41d36ae4040a1ec2ce3cb83ca5062b79\" style=\"font-style:normal;font-weight:600\">Projelerim<\/h2>\n\n\n\n<div class=\"wp-block-media-text is-stacked-on-mobile\" style=\"grid-template-columns:38% auto\"><figure class=\"wp-block-media-text__media\"><a href=\"https:\/\/yusufyalniz.com\/index.php\/2025\/03\/23\/yenilenebilir-enerji-ve-surdurulebilirlik-projeleri\/\"><img decoding=\"async\" width=\"800\" height=\"450\" src=\"https:\/\/yusufyalniz.com\/wp-content\/uploads\/2025\/03\/yenilenebilir-enerji-ve-surdurulebilirlik.jpg\" alt=\"\" class=\"wp-image-285 size-full\" srcset=\"https:\/\/yusufyalniz.com\/wp-content\/uploads\/2025\/03\/yenilenebilir-enerji-ve-surdurulebilirlik.jpg 800w, https:\/\/yusufyalniz.com\/wp-content\/uploads\/2025\/03\/yenilenebilir-enerji-ve-surdurulebilirlik-300x169.jpg 300w, https:\/\/yusufyalniz.com\/wp-content\/uploads\/2025\/03\/yenilenebilir-enerji-ve-surdurulebilirlik-768x432.jpg 768w\" sizes=\"(max-width: 800px) 100vw, 800px\" \/><\/a><\/figure><div class=\"wp-block-media-text__content\">\n<p class=\"has-white-color has-text-color has-link-color has-small-font-size wp-elements-f10177b410df1f56e25f68134839a84d\">Yenilenebilir Enerji ve S\u00fcrd\u00fcr\u00fclebilirlik Projeleri<\/p>\n<\/div><\/div>\n\n\n\n<div class=\"wp-block-media-text is-stacked-on-mobile\" style=\"grid-template-columns:38% auto\"><figure class=\"wp-block-media-text__media\"><a href=\"https:\/\/yusufyalniz.com\/index.php\/2025\/03\/23\/akilli-kentler-projesi\/\"><img decoding=\"async\" width=\"800\" height=\"450\" src=\"https:\/\/yusufyalniz.com\/wp-content\/uploads\/2025\/03\/akilli-kentler.jpg\" alt=\"\" class=\"wp-image-289 size-full\" srcset=\"https:\/\/yusufyalniz.com\/wp-content\/uploads\/2025\/03\/akilli-kentler.jpg 800w, https:\/\/yusufyalniz.com\/wp-content\/uploads\/2025\/03\/akilli-kentler-300x169.jpg 300w, https:\/\/yusufyalniz.com\/wp-content\/uploads\/2025\/03\/akilli-kentler-768x432.jpg 768w\" sizes=\"(max-width: 800px) 100vw, 800px\" \/><\/a><\/figure><div class=\"wp-block-media-text__content\">\n<p class=\"has-white-color has-text-color has-link-color has-small-font-size wp-elements-f5143fcaff3de58cb5da9cbcc5833410\">Ak\u0131ll\u0131 Kentler Projesi<\/p>\n<\/div><\/div>\n\n\n\n<div class=\"wp-block-media-text is-stacked-on-mobile\" style=\"grid-template-columns:38% auto\"><figure class=\"wp-block-media-text__media\"><a href=\"https:\/\/yusufyalniz.com\/index.php\/2025\/03\/23\/hatayin-cicekleri-ciftcinin-ekmegi\/\"><img decoding=\"async\" width=\"800\" height=\"450\" src=\"https:\/\/yusufyalniz.com\/wp-content\/uploads\/2025\/03\/hatayin-cicekleri1.jpg\" alt=\"\" class=\"wp-image-290 size-full\" srcset=\"https:\/\/yusufyalniz.com\/wp-content\/uploads\/2025\/03\/hatayin-cicekleri1.jpg 800w, https:\/\/yusufyalniz.com\/wp-content\/uploads\/2025\/03\/hatayin-cicekleri1-300x169.jpg 300w, https:\/\/yusufyalniz.com\/wp-content\/uploads\/2025\/03\/hatayin-cicekleri1-768x432.jpg 768w\" sizes=\"(max-width: 800px) 100vw, 800px\" \/><\/a><\/figure><div class=\"wp-block-media-text__content\">\n<p class=\"has-white-color has-text-color has-link-color has-small-font-size wp-elements-89c810283f016a891edb39a9dc98e368\">Hatay\u0131n \u00c7i\u00e7ekleri \u00c7ift\u00e7inin Ekme\u011fi<\/p>\n<\/div><\/div>\n<\/div>\n\n\n\n<div class=\"wp-block-column is-vertically-aligned-top is-layout-flow wp-block-column-is-layout-flow\"><\/div>\n<\/div>\n\n\n\n<div class=\"wp-block-group alignwide is-content-justification-center is-layout-flex wp-container-core-group-is-layout-5590e8cb wp-block-group-is-layout-flex\">\n<p class=\"has-text-align-center has-small-font-size\">Copyright \u00a9 2025 | Dr. Yusuf Yaln\u0131z | T\u00fcm Haklar\u0131 Sakl\u0131d\u0131r.<\/p>\n<\/div>\n\n\n\n<div style=\"height:0px\" aria-hidden=\"true\" class=\"wp-block-spacer wp-container-content-541a6b20\"><\/div>\n<\/div>\n<\/div>\n<\/div>\n<\/div>\n<\/div>\n<\/div>\n","protected":false},"excerpt":{"rendered":"<p>Kentlerimizin Gelece\u011fi \u0130\u00e7in \u00c7a\u011fda\u015f, Kat\u0131l\u0131mc\u0131, S\u00fcrd\u00fcr\u00fclebilir Yerel Y\u00f6netimler Gelece\u011fi \u015eekillendiren \u00c7\u00f6z\u00fcmler S\u00fcrd\u00fcr\u00fclebilir Kent Y\u00f6netimi Yerel Y\u00f6netimlerde \u0130novasyon ve Verimlilik Profesyonel Stratejiler ve \u00c7\u00f6z\u00fcmler Yerel y\u00f6netimlerin&hellip;<\/p>\n","protected":false},"author":1,"featured_media":603,"parent":0,"menu_order":0,"comment_status":"closed","ping_status":"closed","template":"","meta":{"slim_seo":{"title":"yusuf yaln\u0131z","description":"yusuf yaln\u0131z , dr yusuf yaln\u0131z , yerel y\u00f6netim , belediye , yerel y\u00f6netimler , mali disiplin , yerel y\u00f6netimler , b\u00fct\u00e7e , mali hizmetler , mali disiplin , yusuf yaln\u0131z , bursa , kat\u0131l\u0131mc\u0131 , b\u00fct\u00e7e yerel y\u00f6netimlerde s\u00fcrd\u00fcr\u00fclebilirlik , buski , strateji geli\u015ftirme , b\u00fcy\u00fck \u015fehir belediye , bor\u00e7 y\u00f6netimi , yerel y\u00f6netimlerde\u00a0finans"},"footnotes":""},"class_list":["post-21","page","type-page","status-publish","has-post-thumbnail","hentry"],"featured_image_url":{"thumbnail":"https:\/\/yusufyalniz.com\/wp-content\/uploads\/2025\/03\/yusufyalniz2-1-150x150.png","medium":"https:\/\/yusufyalniz.com\/wp-content\/uploads\/2025\/03\/yusufyalniz2-1-300x300.png","medium_large":"https:\/\/yusufyalniz.com\/wp-content\/uploads\/2025\/03\/yusufyalniz2-1.png","large":"https:\/\/yusufyalniz.com\/wp-content\/uploads\/2025\/03\/yusufyalniz2-1.png","1536x1536":"https:\/\/yusufyalniz.com\/wp-content\/uploads\/2025\/03\/yusufyalniz2-1.png","2048x2048":"https:\/\/yusufyalniz.com\/wp-content\/uploads\/2025\/03\/yusufyalniz2-1.png"},"post_author":"admin","assigned_categories":"","yoast_head":"<!-- This site is optimized with the Yoast SEO plugin v24.7 - https:\/\/yoast.com\/wordpress\/plugins\/seo\/ -->\n<title>Ana Sayfa - Dr. Yusuf Yaln\u0131z Yusuf yaln\u0131z mali disiplin Yerel y\u00f6netimler b\u00fct\u00e7e Mali hizmetler Mali disiplin b\u00fct\u00e7e Yerel y\u00f6netimlerde s\u00fcrd\u00fcr\u00fclebilirlikBuski Strateji geli\u015ftirme B\u00fcy\u00fck \u015fehir Belediye Bor\u00e7 y\u00f6netimi Yerel y\u00f6netimlerde\u00a0finans<\/title>\n<meta name=\"description\" content=\"Ana Sayfa Dr. Yusuf Yaln\u0131z - Yusuf yaln\u0131z Dr Yusuf yaln\u0131zYerel y\u00f6netim Belediye Yerel y\u00f6netimler mali disiplin Yerel y\u00f6netimler b\u00fct\u00e7e Mali hizmetler Mali disiplin Yusuf yanl\u0131z Bursa Kat\u0131l\u0131mc\u0131 b\u00fct\u00e7eYerel y\u00f6netimlerde s\u00fcrd\u00fcr\u00fclebilirlikBuski Strateji geli\u015ftirme B\u00fcy\u00fck \u015fehir BelediyeBor\u00e7 y\u00f6netimi Yerel y\u00f6netimlerde\u00a0finans Yerel Y\u00f6netim Uzman\u0131\" \/>\n<meta name=\"robots\" content=\"index, follow, max-snippet:-1, max-image-preview:large, max-video-preview:-1\" \/>\n<link rel=\"canonical\" href=\"https:\/\/yusufyalniz.com\/\" \/>\n<meta property=\"og:locale\" content=\"tr_TR\" \/>\n<meta property=\"og:type\" content=\"article\" \/>\n<meta property=\"og:title\" content=\"Ana Sayfa - Dr. Yusuf Yaln\u0131z Yusuf yaln\u0131z mali disiplin Yerel y\u00f6netimler b\u00fct\u00e7e Mali hizmetler Mali disiplin b\u00fct\u00e7e Yerel y\u00f6netimlerde s\u00fcrd\u00fcr\u00fclebilirlikBuski Strateji geli\u015ftirme B\u00fcy\u00fck \u015fehir Belediye Bor\u00e7 y\u00f6netimi Yerel y\u00f6netimlerde\u00a0finans\" \/>\n<meta property=\"og:description\" content=\"Ana Sayfa Dr. Yusuf Yaln\u0131z - Yusuf yaln\u0131z Dr Yusuf yaln\u0131zYerel y\u00f6netim Belediye Yerel y\u00f6netimler mali disiplin Yerel y\u00f6netimler b\u00fct\u00e7e Mali hizmetler Mali disiplin Yusuf yanl\u0131z Bursa Kat\u0131l\u0131mc\u0131 b\u00fct\u00e7eYerel y\u00f6netimlerde s\u00fcrd\u00fcr\u00fclebilirlikBuski Strateji geli\u015ftirme B\u00fcy\u00fck \u015fehir BelediyeBor\u00e7 y\u00f6netimi Yerel y\u00f6netimlerde\u00a0finans Yerel Y\u00f6netim Uzman\u0131\" \/>\n<meta property=\"og:url\" content=\"https:\/\/yusufyalniz.com\/\" \/>\n<meta property=\"og:site_name\" content=\"Dr. Yusuf Yaln\u0131z\" \/>\n<meta property=\"article:modified_time\" content=\"2025-03-30T09:00:47+00:00\" \/>\n<meta property=\"og:image\" content=\"https:\/\/yusufyalniz.com\/wp-content\/uploads\/2025\/03\/yusufyalniz2-1.png\" \/>\n\t<meta property=\"og:image:width\" content=\"400\" \/>\n\t<meta property=\"og:image:height\" content=\"400\" \/>\n\t<meta property=\"og:image:type\" content=\"image\/png\" \/>\n<meta name=\"twitter:card\" content=\"summary_large_image\" \/>\n<meta name=\"twitter:label1\" content=\"Tahmini okuma s\u00fcresi\" \/>\n\t<meta name=\"twitter:data1\" content=\"16 dakika\" \/>\n<script type=\"application\/ld+json\" class=\"yoast-schema-graph\">{\"@context\":\"https:\/\/schema.org\",\"@graph\":[{\"@type\":\"WebPage\",\"@id\":\"https:\/\/yusufyalniz.com\/\",\"url\":\"https:\/\/yusufyalniz.com\/\",\"name\":\"Ana Sayfa - Dr. Yusuf Yaln\u0131z Yusuf yaln\u0131z mali disiplin Yerel y\u00f6netimler b\u00fct\u00e7e Mali hizmetler Mali disiplin b\u00fct\u00e7e Yerel y\u00f6netimlerde s\u00fcrd\u00fcr\u00fclebilirlikBuski Strateji geli\u015ftirme B\u00fcy\u00fck \u015fehir Belediye Bor\u00e7 y\u00f6netimi Yerel y\u00f6netimlerde\u00a0finans\",\"isPartOf\":{\"@id\":\"https:\/\/yusufyalniz.com\/#website\"},\"primaryImageOfPage\":{\"@id\":\"https:\/\/yusufyalniz.com\/#primaryimage\"},\"image\":{\"@id\":\"https:\/\/yusufyalniz.com\/#primaryimage\"},\"thumbnailUrl\":\"https:\/\/yusufyalniz.com\/wp-content\/uploads\/2025\/03\/yusufyalniz2-1.png\",\"datePublished\":\"2025-02-23T12:36:49+00:00\",\"dateModified\":\"2025-03-30T09:00:47+00:00\",\"description\":\"Ana Sayfa Dr. Yusuf Yaln\u0131z - Yusuf yaln\u0131z Dr Yusuf yaln\u0131zYerel y\u00f6netim Belediye Yerel y\u00f6netimler mali disiplin Yerel y\u00f6netimler b\u00fct\u00e7e Mali hizmetler Mali disiplin Yusuf yanl\u0131z Bursa Kat\u0131l\u0131mc\u0131 b\u00fct\u00e7eYerel y\u00f6netimlerde s\u00fcrd\u00fcr\u00fclebilirlikBuski Strateji geli\u015ftirme B\u00fcy\u00fck \u015fehir BelediyeBor\u00e7 y\u00f6netimi Yerel y\u00f6netimlerde\u00a0finans Yerel Y\u00f6netim Uzman\u0131\",\"breadcrumb\":{\"@id\":\"https:\/\/yusufyalniz.com\/#breadcrumb\"},\"inLanguage\":\"tr\",\"potentialAction\":[{\"@type\":\"ReadAction\",\"target\":[\"https:\/\/yusufyalniz.com\/\"]}]},{\"@type\":\"ImageObject\",\"inLanguage\":\"tr\",\"@id\":\"https:\/\/yusufyalniz.com\/#primaryimage\",\"url\":\"https:\/\/yusufyalniz.com\/wp-content\/uploads\/2025\/03\/yusufyalniz2-1.png\",\"contentUrl\":\"https:\/\/yusufyalniz.com\/wp-content\/uploads\/2025\/03\/yusufyalniz2-1.png\",\"width\":400,\"height\":400},{\"@type\":\"BreadcrumbList\",\"@id\":\"https:\/\/yusufyalniz.com\/#breadcrumb\",\"itemListElement\":[{\"@type\":\"ListItem\",\"position\":1,\"name\":\"Anasayfa\",\"item\":\"https:\/\/yusufyalniz.com\/\"},{\"@type\":\"ListItem\",\"position\":2,\"name\":\"Ana Sayfa\"}]},{\"@type\":\"WebSite\",\"@id\":\"https:\/\/yusufyalniz.com\/#website\",\"url\":\"https:\/\/yusufyalniz.com\/\",\"name\":\"Dr. Yusuf Yaln\u0131z\",\"description\":\"Yerel Y\u00f6netim Uzman\u0131\",\"publisher\":{\"@id\":\"https:\/\/yusufyalniz.com\/#\/schema\/person\/40cef4e5edcfd7bd607d695c4776b35c\"},\"alternateName\":\"Yusuf Yaln\u0131z\",\"potentialAction\":[{\"@type\":\"SearchAction\",\"target\":{\"@type\":\"EntryPoint\",\"urlTemplate\":\"https:\/\/yusufyalniz.com\/?s={search_term_string}\"},\"query-input\":{\"@type\":\"PropertyValueSpecification\",\"valueRequired\":true,\"valueName\":\"search_term_string\"}}],\"inLanguage\":\"tr\"},{\"@type\":[\"Person\",\"Organization\"],\"@id\":\"https:\/\/yusufyalniz.com\/#\/schema\/person\/40cef4e5edcfd7bd607d695c4776b35c\",\"name\":\"admin\",\"image\":{\"@type\":\"ImageObject\",\"inLanguage\":\"tr\",\"@id\":\"https:\/\/yusufyalniz.com\/#\/schema\/person\/image\/\",\"url\":\"https:\/\/yusufyalniz.com\/wp-content\/uploads\/2025\/02\/dryusufyalnizlogo-1.png\",\"contentUrl\":\"https:\/\/yusufyalniz.com\/wp-content\/uploads\/2025\/02\/dryusufyalnizlogo-1.png\",\"width\":300,\"height\":51,\"caption\":\"admin\"},\"logo\":{\"@id\":\"https:\/\/yusufyalniz.com\/#\/schema\/person\/image\/\"},\"sameAs\":[\"https:\/\/yusufyalniz.com\"]}]}<\/script>\n<!-- \/ Yoast SEO plugin. -->","yoast_head_json":{"title":"Ana Sayfa - Dr. Yusuf Yaln\u0131z Yusuf yaln\u0131z mali disiplin Yerel y\u00f6netimler b\u00fct\u00e7e Mali hizmetler Mali disiplin b\u00fct\u00e7e Yerel y\u00f6netimlerde s\u00fcrd\u00fcr\u00fclebilirlikBuski Strateji geli\u015ftirme B\u00fcy\u00fck \u015fehir Belediye Bor\u00e7 y\u00f6netimi Yerel y\u00f6netimlerde\u00a0finans","description":"Ana Sayfa Dr. Yusuf Yaln\u0131z - Yusuf yaln\u0131z Dr Yusuf yaln\u0131zYerel y\u00f6netim Belediye Yerel y\u00f6netimler mali disiplin Yerel y\u00f6netimler b\u00fct\u00e7e Mali hizmetler Mali disiplin Yusuf yanl\u0131z Bursa Kat\u0131l\u0131mc\u0131 b\u00fct\u00e7eYerel y\u00f6netimlerde s\u00fcrd\u00fcr\u00fclebilirlikBuski Strateji geli\u015ftirme B\u00fcy\u00fck \u015fehir BelediyeBor\u00e7 y\u00f6netimi Yerel y\u00f6netimlerde\u00a0finans Yerel Y\u00f6netim Uzman\u0131","robots":{"index":"index","follow":"follow","max-snippet":"max-snippet:-1","max-image-preview":"max-image-preview:large","max-video-preview":"max-video-preview:-1"},"canonical":"https:\/\/yusufyalniz.com\/","og_locale":"tr_TR","og_type":"article","og_title":"Ana Sayfa - Dr. Yusuf Yaln\u0131z Yusuf yaln\u0131z mali disiplin Yerel y\u00f6netimler b\u00fct\u00e7e Mali hizmetler Mali disiplin b\u00fct\u00e7e Yerel y\u00f6netimlerde s\u00fcrd\u00fcr\u00fclebilirlikBuski Strateji geli\u015ftirme B\u00fcy\u00fck \u015fehir Belediye Bor\u00e7 y\u00f6netimi Yerel y\u00f6netimlerde\u00a0finans","og_description":"Ana Sayfa Dr. Yusuf Yaln\u0131z - Yusuf yaln\u0131z Dr Yusuf yaln\u0131zYerel y\u00f6netim Belediye Yerel y\u00f6netimler mali disiplin Yerel y\u00f6netimler b\u00fct\u00e7e Mali hizmetler Mali disiplin Yusuf yanl\u0131z Bursa Kat\u0131l\u0131mc\u0131 b\u00fct\u00e7eYerel y\u00f6netimlerde s\u00fcrd\u00fcr\u00fclebilirlikBuski Strateji geli\u015ftirme B\u00fcy\u00fck \u015fehir BelediyeBor\u00e7 y\u00f6netimi Yerel y\u00f6netimlerde\u00a0finans Yerel Y\u00f6netim Uzman\u0131","og_url":"https:\/\/yusufyalniz.com\/","og_site_name":"Dr. Yusuf Yaln\u0131z","article_modified_time":"2025-03-30T09:00:47+00:00","og_image":[{"width":400,"height":400,"url":"https:\/\/yusufyalniz.com\/wp-content\/uploads\/2025\/03\/yusufyalniz2-1.png","type":"image\/png"}],"twitter_card":"summary_large_image","twitter_misc":{"Tahmini okuma s\u00fcresi":"16 dakika"},"schema":{"@context":"https:\/\/schema.org","@graph":[{"@type":"WebPage","@id":"https:\/\/yusufyalniz.com\/","url":"https:\/\/yusufyalniz.com\/","name":"Ana Sayfa - Dr. Yusuf Yaln\u0131z Yusuf yaln\u0131z mali disiplin Yerel y\u00f6netimler b\u00fct\u00e7e Mali hizmetler Mali disiplin b\u00fct\u00e7e Yerel y\u00f6netimlerde s\u00fcrd\u00fcr\u00fclebilirlikBuski Strateji geli\u015ftirme B\u00fcy\u00fck \u015fehir Belediye Bor\u00e7 y\u00f6netimi Yerel y\u00f6netimlerde\u00a0finans","isPartOf":{"@id":"https:\/\/yusufyalniz.com\/#website"},"primaryImageOfPage":{"@id":"https:\/\/yusufyalniz.com\/#primaryimage"},"image":{"@id":"https:\/\/yusufyalniz.com\/#primaryimage"},"thumbnailUrl":"https:\/\/yusufyalniz.com\/wp-content\/uploads\/2025\/03\/yusufyalniz2-1.png","datePublished":"2025-02-23T12:36:49+00:00","dateModified":"2025-03-30T09:00:47+00:00","description":"Ana Sayfa Dr. Yusuf Yaln\u0131z - Yusuf yaln\u0131z Dr Yusuf yaln\u0131zYerel y\u00f6netim Belediye Yerel y\u00f6netimler mali disiplin Yerel y\u00f6netimler b\u00fct\u00e7e Mali hizmetler Mali disiplin Yusuf yanl\u0131z Bursa Kat\u0131l\u0131mc\u0131 b\u00fct\u00e7eYerel y\u00f6netimlerde s\u00fcrd\u00fcr\u00fclebilirlikBuski Strateji geli\u015ftirme B\u00fcy\u00fck \u015fehir BelediyeBor\u00e7 y\u00f6netimi Yerel y\u00f6netimlerde\u00a0finans Yerel Y\u00f6netim Uzman\u0131","breadcrumb":{"@id":"https:\/\/yusufyalniz.com\/#breadcrumb"},"inLanguage":"tr","potentialAction":[{"@type":"ReadAction","target":["https:\/\/yusufyalniz.com\/"]}]},{"@type":"ImageObject","inLanguage":"tr","@id":"https:\/\/yusufyalniz.com\/#primaryimage","url":"https:\/\/yusufyalniz.com\/wp-content\/uploads\/2025\/03\/yusufyalniz2-1.png","contentUrl":"https:\/\/yusufyalniz.com\/wp-content\/uploads\/2025\/03\/yusufyalniz2-1.png","width":400,"height":400},{"@type":"BreadcrumbList","@id":"https:\/\/yusufyalniz.com\/#breadcrumb","itemListElement":[{"@type":"ListItem","position":1,"name":"Anasayfa","item":"https:\/\/yusufyalniz.com\/"},{"@type":"ListItem","position":2,"name":"Ana Sayfa"}]},{"@type":"WebSite","@id":"https:\/\/yusufyalniz.com\/#website","url":"https:\/\/yusufyalniz.com\/","name":"Dr. Yusuf Yaln\u0131z","description":"Yerel Y\u00f6netim Uzman\u0131","publisher":{"@id":"https:\/\/yusufyalniz.com\/#\/schema\/person\/40cef4e5edcfd7bd607d695c4776b35c"},"alternateName":"Yusuf Yaln\u0131z","potentialAction":[{"@type":"SearchAction","target":{"@type":"EntryPoint","urlTemplate":"https:\/\/yusufyalniz.com\/?s={search_term_string}"},"query-input":{"@type":"PropertyValueSpecification","valueRequired":true,"valueName":"search_term_string"}}],"inLanguage":"tr"},{"@type":["Person","Organization"],"@id":"https:\/\/yusufyalniz.com\/#\/schema\/person\/40cef4e5edcfd7bd607d695c4776b35c","name":"admin","image":{"@type":"ImageObject","inLanguage":"tr","@id":"https:\/\/yusufyalniz.com\/#\/schema\/person\/image\/","url":"https:\/\/yusufyalniz.com\/wp-content\/uploads\/2025\/02\/dryusufyalnizlogo-1.png","contentUrl":"https:\/\/yusufyalniz.com\/wp-content\/uploads\/2025\/02\/dryusufyalnizlogo-1.png","width":300,"height":51,"caption":"admin"},"logo":{"@id":"https:\/\/yusufyalniz.com\/#\/schema\/person\/image\/"},"sameAs":["https:\/\/yusufyalniz.com"]}]}},"_links":{"self":[{"href":"https:\/\/yusufyalniz.com\/index.php\/wp-json\/wp\/v2\/pages\/21","targetHints":{"allow":["GET"]}}],"collection":[{"href":"https:\/\/yusufyalniz.com\/index.php\/wp-json\/wp\/v2\/pages"}],"about":[{"href":"https:\/\/yusufyalniz.com\/index.php\/wp-json\/wp\/v2\/types\/page"}],"author":[{"embeddable":true,"href":"https:\/\/yusufyalniz.com\/index.php\/wp-json\/wp\/v2\/users\/1"}],"replies":[{"embeddable":true,"href":"https:\/\/yusufyalniz.com\/index.php\/wp-json\/wp\/v2\/comments?post=21"}],"version-history":[{"count":104,"href":"https:\/\/yusufyalniz.com\/index.php\/wp-json\/wp\/v2\/pages\/21\/revisions"}],"predecessor-version":[{"id":883,"href":"https:\/\/yusufyalniz.com\/index.php\/wp-json\/wp\/v2\/pages\/21\/revisions\/883"}],"wp:featuredmedia":[{"embeddable":true,"href":"https:\/\/yusufyalniz.com\/index.php\/wp-json\/wp\/v2\/media\/603"}],"wp:attachment":[{"href":"https:\/\/yusufyalniz.com\/index.php\/wp-json\/wp\/v2\/media?parent=21"}],"curies":[{"name":"wp","href":"https:\/\/api.w.org\/{rel}","templated":true}]}}